{"id":6163,"date":"2024-10-20T23:07:49","date_gmt":"2024-10-20T21:07:49","guid":{"rendered":"https:\/\/www.inff.eu\/b2b\/wissenschafts-expertinnen\/"},"modified":"2025-04-17T16:32:55","modified_gmt":"2025-04-17T14:32:55","slug":"wissenschafts-expertinnen","status":"publish","type":"page","link":"https:\/\/www.inff.eu\/de\/b2b\/wissenschafts-expertinnen\/","title":{"rendered":"Wissenschafts-Expert:innen"},"content":{"rendered":"\t\t<div data-elementor-type=\"wp-page\" data-elementor-id=\"6163\" class=\"elementor elementor-6163 elementor-6148\" data-elementor-post-type=\"page\">\n\t\t\t\t<div class=\"elementor-element elementor-element-2d7fc9c e-flex e-con-boxed e-con e-parent\" data-id=\"2d7fc9c\" data-element_type=\"container\" data-settings=\"{&quot;jet_parallax_layout_list&quot;:[]}\">\n\t\t\t\t\t<div class=\"e-con-inner\">\n\t\t\t\t<div class=\"elementor-element elementor-element-baf5f60 elementor-widget elementor-widget-text-editor\" data-id=\"baf5f60\" data-element_type=\"widget\" data-widget_type=\"text-editor.default\">\n\t\t\t\t<div class=\"elementor-widget-container\">\n\t\t\t\t\t\t\t\t\t<p><strong>Regisseure treffen Expert:innen<\/strong><\/p>\n<p>Die Universit\u00e4t Innsbruck bietet einen Service f\u00fcr alle Filmemacher:innen des inff: Expert:innen und Forscher:innen der Universit\u00e4t Innsbruck aus den Bereichen Naturwissenschaften und Alpenforschung stehen Filmemacher:innen f\u00fcr Informationen und Erkl\u00e4rungen zu ihren Themen zur Verf\u00fcgung. <\/p>\n<p>Eine Liste der Expert:innen und ihrer Forschungsgebiete finden Sie auf dieser Seite: <a href=\"https:\/\/www.uibk.ac.at\/de\/peak\/peak-experts\/\" target=\"_blank\" rel=\"noopener\"><span style=\"text-decoration: underline;\">Expert:innen f\u00fcr Klima, Biodiversit\u00e4t und Nachhaltigkeit<\/span><\/a>.<\/p>\n\t\t\t\t\t\t\t\t<\/div>\n\t\t\t\t<\/div>\n\t\t\t\t\t<\/div>\n\t\t\t\t<\/div>\n\t\t\t\t<\/div>\n\t\t","protected":false},"excerpt":{"rendered":"<p>Regisseure treffen Expert:innen Die Universit\u00e4t Innsbruck bietet einen Service f\u00fcr alle Filmemacher:innen des inff: Expert:innen und Forscher:innen der Universit\u00e4t Innsbruck aus den Bereichen Naturwissenschaften und Alpenforschung stehen Filmemacher:innen f\u00fcr Informationen und Erkl\u00e4rungen zu ihren Themen zur Verf\u00fcgung. Eine Liste der Expert:innen und ihrer Forschungsgebiete finden Sie auf dieser Seite: Expert:innen f\u00fcr Klima, Biodiversit\u00e4t und Nachhaltigkeit.<\/p>\n","protected":false},"author":7,"featured_media":6121,"parent":4574,"menu_order":2,"comment_status":"closed","ping_status":"closed","template":"","meta":{"inline_featured_image":false,"footnotes":""},"class_list":["post-6163","page","type-page","status-publish","has-post-thumbnail","hentry","page_template-wide-photo"],"yoast_head":"<!-- This site is optimized with the Yoast SEO plugin v27.4 - https:\/\/yoast.com\/product\/yoast-seo-wordpress\/ -->\n<title>Wissenschafts-Expert:innen - INFF<\/title>\n<meta name=\"robots\" content=\"index, follow, max-snippet:-1, max-image-preview:large, max-video-preview:-1\" \/>\n<link rel=\"canonical\" href=\"https:\/\/www.inff.eu\/de\/b2b\/wissenschafts-expertinnen\/\" \/>\n<meta property=\"og:locale\" content=\"de_DE\" \/>\n<meta property=\"og:type\" content=\"article\" \/>\n<meta property=\"og:title\" content=\"Wissenschafts-Expert:innen - INFF\" \/>\n<meta property=\"og:description\" content=\"Regisseure treffen Expert:innen Die Universit\u00e4t Innsbruck bietet einen Service f\u00fcr alle Filmemacher:innen des inff: Expert:innen und Forscher:innen der Universit\u00e4t Innsbruck aus den Bereichen Naturwissenschaften und Alpenforschung stehen Filmemacher:innen f\u00fcr Informationen und Erkl\u00e4rungen zu ihren Themen zur Verf\u00fcgung. Eine Liste der Expert:innen und ihrer Forschungsgebiete finden Sie auf dieser Seite: Expert:innen f\u00fcr Klima, Biodiversit\u00e4t und Nachhaltigkeit.\" \/>\n<meta property=\"og:url\" content=\"https:\/\/www.inff.eu\/de\/b2b\/wissenschafts-expertinnen\/\" \/>\n<meta property=\"og:site_name\" content=\"INFF\" \/>\n<meta property=\"article:publisher\" content=\"http:\/\/www.facebook.com\/inff.eu\" \/>\n<meta property=\"article:modified_time\" content=\"2025-04-17T14:32:55+00:00\" \/>\n<meta property=\"og:image\" content=\"https:\/\/www.inff.eu\/wp-content\/uploads\/2024\/10\/inff2024-freitag-technicaluniversity-by-bause-002.jpeg\" \/>\n\t<meta property=\"og:image:width\" content=\"2560\" \/>\n\t<meta property=\"og:image:height\" content=\"1119\" \/>\n\t<meta property=\"og:image:type\" content=\"image\/jpeg\" \/>\n<meta name=\"twitter:card\" content=\"summary_large_image\" \/>\n<script type=\"application\/ld+json\" class=\"yoast-schema-graph\">{\"@context\":\"https:\\\/\\\/schema.org\",\"@graph\":[{\"@type\":\"WebPage\",\"@id\":\"https:\\\/\\\/www.inff.eu\\\/de\\\/b2b\\\/wissenschafts-expertinnen\\\/\",\"url\":\"https:\\\/\\\/www.inff.eu\\\/de\\\/b2b\\\/wissenschafts-expertinnen\\\/\",\"name\":\"Wissenschafts-Expert:innen - INFF\",\"isPartOf\":{\"@id\":\"https:\\\/\\\/www.inff.eu\\\/de\\\/#website\"},\"primaryImageOfPage\":{\"@id\":\"https:\\\/\\\/www.inff.eu\\\/de\\\/b2b\\\/wissenschafts-expertinnen\\\/#primaryimage\"},\"image\":{\"@id\":\"https:\\\/\\\/www.inff.eu\\\/de\\\/b2b\\\/wissenschafts-expertinnen\\\/#primaryimage\"},\"thumbnailUrl\":\"https:\\\/\\\/www.inff.eu\\\/wp-content\\\/uploads\\\/2024\\\/10\\\/inff2024-freitag-technicaluniversity-by-bause-002.jpeg\",\"datePublished\":\"2024-10-20T21:07:49+00:00\",\"dateModified\":\"2025-04-17T14:32:55+00:00\",\"breadcrumb\":{\"@id\":\"https:\\\/\\\/www.inff.eu\\\/de\\\/b2b\\\/wissenschafts-expertinnen\\\/#breadcrumb\"},\"inLanguage\":\"de\",\"potentialAction\":[{\"@type\":\"ReadAction\",\"target\":[\"https:\\\/\\\/www.inff.eu\\\/de\\\/b2b\\\/wissenschafts-expertinnen\\\/\"]}]},{\"@type\":\"ImageObject\",\"inLanguage\":\"de\",\"@id\":\"https:\\\/\\\/www.inff.eu\\\/de\\\/b2b\\\/wissenschafts-expertinnen\\\/#primaryimage\",\"url\":\"https:\\\/\\\/www.inff.eu\\\/wp-content\\\/uploads\\\/2024\\\/10\\\/inff2024-freitag-technicaluniversity-by-bause-002.jpeg\",\"contentUrl\":\"https:\\\/\\\/www.inff.eu\\\/wp-content\\\/uploads\\\/2024\\\/10\\\/inff2024-freitag-technicaluniversity-by-bause-002.jpeg\",\"width\":2560,\"height\":1119},{\"@type\":\"BreadcrumbList\",\"@id\":\"https:\\\/\\\/www.inff.eu\\\/de\\\/b2b\\\/wissenschafts-expertinnen\\\/#breadcrumb\",\"itemListElement\":[{\"@type\":\"ListItem\",\"position\":1,\"name\":\"Startseite\",\"item\":\"https:\\\/\\\/www.inff.eu\\\/de\\\/startseite\\\/\"},{\"@type\":\"ListItem\",\"position\":2,\"name\":\"B2B\",\"item\":\"https:\\\/\\\/www.inff.eu\\\/de\\\/b2b\\\/\"},{\"@type\":\"ListItem\",\"position\":3,\"name\":\"Wissenschafts-Expert:innen\"}]},{\"@type\":\"WebSite\",\"@id\":\"https:\\\/\\\/www.inff.eu\\\/de\\\/#website\",\"url\":\"https:\\\/\\\/www.inff.eu\\\/de\\\/\",\"name\":\"INFF\",\"description\":\"Innsbruck Nature Film Festival\",\"publisher\":{\"@id\":\"https:\\\/\\\/www.inff.eu\\\/de\\\/#organization\"},\"potentialAction\":[{\"@type\":\"SearchAction\",\"target\":{\"@type\":\"EntryPoint\",\"urlTemplate\":\"https:\\\/\\\/www.inff.eu\\\/de\\\/?s={search_term_string}\"},\"query-input\":{\"@type\":\"PropertyValueSpecification\",\"valueRequired\":true,\"valueName\":\"search_term_string\"}}],\"inLanguage\":\"de\"},{\"@type\":\"Organization\",\"@id\":\"https:\\\/\\\/www.inff.eu\\\/de\\\/#organization\",\"name\":\"Innbruck Nature Film Festival\",\"alternateName\":\"INFF\",\"url\":\"https:\\\/\\\/www.inff.eu\\\/de\\\/\",\"logo\":{\"@type\":\"ImageObject\",\"inLanguage\":\"de\",\"@id\":\"https:\\\/\\\/www.inff.eu\\\/de\\\/#\\\/schema\\\/logo\\\/image\\\/\",\"url\":\"https:\\\/\\\/www.inff.eu\\\/wp-content\\\/uploads\\\/2024\\\/08\\\/INFF_24_Logo_black_landscape_black.svg\",\"contentUrl\":\"https:\\\/\\\/www.inff.eu\\\/wp-content\\\/uploads\\\/2024\\\/08\\\/INFF_24_Logo_black_landscape_black.svg\",\"width\":341,\"height\":130,\"caption\":\"Innbruck Nature Film Festival\"},\"image\":{\"@id\":\"https:\\\/\\\/www.inff.eu\\\/de\\\/#\\\/schema\\\/logo\\\/image\\\/\"},\"sameAs\":[\"http:\\\/\\\/www.facebook.com\\\/inff.eu\",\"https:\\\/\\\/www.instagram.com\\\/innsbrucknaturefilmfestival\\\/\",\"https:\\\/\\\/www.youtube.com\\\/channel\\\/UCffnhMJo3VJ4aah54E6Qq3Q\\\/feed\"]}]}<\/script>\n<!-- \/ Yoast SEO plugin. -->","yoast_head_json":{"title":"Wissenschafts-Expert:innen - INFF","robots":{"index":"index","follow":"follow","max-snippet":"max-snippet:-1","max-image-preview":"max-image-preview:large","max-video-preview":"max-video-preview:-1"},"canonical":"https:\/\/www.inff.eu\/de\/b2b\/wissenschafts-expertinnen\/","og_locale":"de_DE","og_type":"article","og_title":"Wissenschafts-Expert:innen - INFF","og_description":"Regisseure treffen Expert:innen Die Universit\u00e4t Innsbruck bietet einen Service f\u00fcr alle Filmemacher:innen des inff: Expert:innen und Forscher:innen der Universit\u00e4t Innsbruck aus den Bereichen Naturwissenschaften und Alpenforschung stehen Filmemacher:innen f\u00fcr Informationen und Erkl\u00e4rungen zu ihren Themen zur Verf\u00fcgung. Eine Liste der Expert:innen und ihrer Forschungsgebiete finden Sie auf dieser Seite: Expert:innen f\u00fcr Klima, Biodiversit\u00e4t und Nachhaltigkeit.","og_url":"https:\/\/www.inff.eu\/de\/b2b\/wissenschafts-expertinnen\/","og_site_name":"INFF","article_publisher":"http:\/\/www.facebook.com\/inff.eu","article_modified_time":"2025-04-17T14:32:55+00:00","og_image":[{"width":2560,"height":1119,"url":"https:\/\/www.inff.eu\/wp-content\/uploads\/2024\/10\/inff2024-freitag-technicaluniversity-by-bause-002.jpeg","type":"image\/jpeg"}],"twitter_card":"summary_large_image","schema":{"@context":"https:\/\/schema.org","@graph":[{"@type":"WebPage","@id":"https:\/\/www.inff.eu\/de\/b2b\/wissenschafts-expertinnen\/","url":"https:\/\/www.inff.eu\/de\/b2b\/wissenschafts-expertinnen\/","name":"Wissenschafts-Expert:innen - INFF","isPartOf":{"@id":"https:\/\/www.inff.eu\/de\/#website"},"primaryImageOfPage":{"@id":"https:\/\/www.inff.eu\/de\/b2b\/wissenschafts-expertinnen\/#primaryimage"},"image":{"@id":"https:\/\/www.inff.eu\/de\/b2b\/wissenschafts-expertinnen\/#primaryimage"},"thumbnailUrl":"https:\/\/www.inff.eu\/wp-content\/uploads\/2024\/10\/inff2024-freitag-technicaluniversity-by-bause-002.jpeg","datePublished":"2024-10-20T21:07:49+00:00","dateModified":"2025-04-17T14:32:55+00:00","breadcrumb":{"@id":"https:\/\/www.inff.eu\/de\/b2b\/wissenschafts-expertinnen\/#breadcrumb"},"inLanguage":"de","potentialAction":[{"@type":"ReadAction","target":["https:\/\/www.inff.eu\/de\/b2b\/wissenschafts-expertinnen\/"]}]},{"@type":"ImageObject","inLanguage":"de","@id":"https:\/\/www.inff.eu\/de\/b2b\/wissenschafts-expertinnen\/#primaryimage","url":"https:\/\/www.inff.eu\/wp-content\/uploads\/2024\/10\/inff2024-freitag-technicaluniversity-by-bause-002.jpeg","contentUrl":"https:\/\/www.inff.eu\/wp-content\/uploads\/2024\/10\/inff2024-freitag-technicaluniversity-by-bause-002.jpeg","width":2560,"height":1119},{"@type":"BreadcrumbList","@id":"https:\/\/www.inff.eu\/de\/b2b\/wissenschafts-expertinnen\/#breadcrumb","itemListElement":[{"@type":"ListItem","position":1,"name":"Startseite","item":"https:\/\/www.inff.eu\/de\/startseite\/"},{"@type":"ListItem","position":2,"name":"B2B","item":"https:\/\/www.inff.eu\/de\/b2b\/"},{"@type":"ListItem","position":3,"name":"Wissenschafts-Expert:innen"}]},{"@type":"WebSite","@id":"https:\/\/www.inff.eu\/de\/#website","url":"https:\/\/www.inff.eu\/de\/","name":"INFF","description":"Innsbruck Nature Film Festival","publisher":{"@id":"https:\/\/www.inff.eu\/de\/#organization"},"potentialAction":[{"@type":"SearchAction","target":{"@type":"EntryPoint","urlTemplate":"https:\/\/www.inff.eu\/de\/?s={search_term_string}"},"query-input":{"@type":"PropertyValueSpecification","valueRequired":true,"valueName":"search_term_string"}}],"inLanguage":"de"},{"@type":"Organization","@id":"https:\/\/www.inff.eu\/de\/#organization","name":"Innbruck Nature Film Festival","alternateName":"INFF","url":"https:\/\/www.inff.eu\/de\/","logo":{"@type":"ImageObject","inLanguage":"de","@id":"https:\/\/www.inff.eu\/de\/#\/schema\/logo\/image\/","url":"https:\/\/www.inff.eu\/wp-content\/uploads\/2024\/08\/INFF_24_Logo_black_landscape_black.svg","contentUrl":"https:\/\/www.inff.eu\/wp-content\/uploads\/2024\/08\/INFF_24_Logo_black_landscape_black.svg","width":341,"height":130,"caption":"Innbruck Nature Film Festival"},"image":{"@id":"https:\/\/www.inff.eu\/de\/#\/schema\/logo\/image\/"},"sameAs":["http:\/\/www.facebook.com\/inff.eu","https:\/\/www.instagram.com\/innsbrucknaturefilmfestival\/","https:\/\/www.youtube.com\/channel\/UCffnhMJo3VJ4aah54E6Qq3Q\/feed"]}]}},"_links":{"self":[{"href":"https:\/\/www.inff.eu\/de\/wp-json\/wp\/v2\/pages\/6163","targetHints":{"allow":["GET"]}}],"collection":[{"href":"https:\/\/www.inff.eu\/de\/wp-json\/wp\/v2\/pages"}],"about":[{"href":"https:\/\/www.inff.eu\/de\/wp-json\/wp\/v2\/types\/page"}],"author":[{"embeddable":true,"href":"https:\/\/www.inff.eu\/de\/wp-json\/wp\/v2\/users\/7"}],"replies":[{"embeddable":true,"href":"https:\/\/www.inff.eu\/de\/wp-json\/wp\/v2\/comments?post=6163"}],"version-history":[{"count":5,"href":"https:\/\/www.inff.eu\/de\/wp-json\/wp\/v2\/pages\/6163\/revisions"}],"predecessor-version":[{"id":6994,"href":"https:\/\/www.inff.eu\/de\/wp-json\/wp\/v2\/pages\/6163\/revisions\/6994"}],"up":[{"embeddable":true,"href":"https:\/\/www.inff.eu\/de\/wp-json\/wp\/v2\/pages\/4574"}],"wp:featuredmedia":[{"embeddable":true,"href":"https:\/\/www.inff.eu\/de\/wp-json\/wp\/v2\/media\/6121"}],"wp:attachment":[{"href":"https:\/\/www.inff.eu\/de\/wp-json\/wp\/v2\/media?parent=6163"}],"curies":[{"name":"wp","href":"https:\/\/api.w.org\/{rel}","templated":true}]}}