{"id":4619,"date":"2024-08-06T16:20:36","date_gmt":"2024-08-06T14:20:36","guid":{"rendered":"https:\/\/www.inff.eu\/get-active\/donate\/"},"modified":"2026-04-16T11:51:11","modified_gmt":"2026-04-16T09:51:11","slug":"donate","status":"publish","type":"page","link":"https:\/\/www.inff.eu\/de\/get-active\/donate\/","title":{"rendered":"Spende"},"content":{"rendered":"\t\t<div data-elementor-type=\"wp-page\" data-elementor-id=\"4619\" class=\"elementor elementor-4619 elementor-68\" data-elementor-post-type=\"page\">\n\t\t\t\t<div class=\"elementor-element elementor-element-1b0b399 e-flex e-con-boxed e-con e-parent\" data-id=\"1b0b399\" data-element_type=\"container\" data-settings=\"{&quot;jet_parallax_layout_list&quot;:[]}\">\n\t\t\t\t\t<div class=\"e-con-inner\">\n\t\t\t\t<div class=\"elementor-element elementor-element-442a155 elementor-widget elementor-widget-text-editor\" data-id=\"442a155\" data-element_type=\"widget\" data-widget_type=\"text-editor.default\">\n\t\t\t\t<div class=\"elementor-widget-container\">\n\t\t\t\t\t\t\t\t\t<p>Das inff ist eine gemeinn\u00fctzige Organisation, die auf die Unterst\u00fctzung \u00f6ffentlicher und privater Partner angewiesen ist.<\/p><p>Jede Unterst\u00fctzung hilft uns dabei, unser gemeinsames Ziel \u2013 einen schonenderen Umgang mit unserem Planeten \u2013 zu vermitteln und Filmemacher zu motivieren, ihr Engagement f\u00fcr dieses wichtige Thema fortzusetzen.<\/p><p>Would you like to help strengthen the festival and its work?<\/p>\t\t\t\t\t\t\t\t<\/div>\n\t\t\t\t<\/div>\n\t\t\t\t<div class=\"elementor-element elementor-element-9dfb73e elementor-widget elementor-widget-image\" data-id=\"9dfb73e\" data-element_type=\"widget\" data-widget_type=\"image.default\">\n\t\t\t\t<div class=\"elementor-widget-container\">\n\t\t\t\t\t\t\t\t\t\t\t\t\t\t\t<img fetchpriority=\"high\" decoding=\"async\" width=\"768\" height=\"576\" src=\"https:\/\/www.inff.eu\/wp-content\/uploads\/2025\/04\/taxes-768x576.jpg\" class=\"attachment-medium_large size-medium_large wp-image-7085\" alt=\"\" srcset=\"https:\/\/www.inff.eu\/wp-content\/uploads\/2025\/04\/taxes-768x576.jpg 768w, https:\/\/www.inff.eu\/wp-content\/uploads\/2025\/04\/taxes-300x225.jpg 300w, https:\/\/www.inff.eu\/wp-content\/uploads\/2025\/04\/taxes-1024x768.jpg 1024w, https:\/\/www.inff.eu\/wp-content\/uploads\/2025\/04\/taxes-1536x1152.jpg 1536w, https:\/\/www.inff.eu\/wp-content\/uploads\/2025\/04\/taxes-600x450.jpg 600w, https:\/\/www.inff.eu\/wp-content\/uploads\/2025\/04\/taxes.jpg 2000w\" sizes=\"(max-width: 768px) 100vw, 768px\" \/>\t\t\t\t\t\t\t\t\t\t\t\t\t\t\t<\/div>\n\t\t\t\t<\/div>\n\t\t\t\t<div class=\"elementor-element elementor-element-ad431e0 elementor-widget__width-initial elementor-widget elementor-widget-shortcode\" data-id=\"ad431e0\" data-element_type=\"widget\" data-widget_type=\"shortcode.default\">\n\t\t\t\t<div class=\"elementor-widget-container\">\n\t\t\t\t\t\t\t<div class=\"elementor-shortcode\"><ul class=\"woocommerce-error wcdp-error-message\" id=\"wcdp-ajax-error\" role=\"alert\"><li>In der aktuellen Ansicht ist das Spendenformular nicht verf\u00fcgbar.<\/li><\/ul><\/div>\n\t\t\t\t\t\t<\/div>\n\t\t\t\t<\/div>\n\t\t\t\t\t<\/div>\n\t\t\t\t<\/div>\n\t\t\t\t<\/div>\n\t\t","protected":false},"excerpt":{"rendered":"<p>Das inff ist eine gemeinn\u00fctzige Organisation, die auf die Unterst\u00fctzung \u00f6ffentlicher und privater Partner angewiesen ist. Jede Unterst\u00fctzung hilft uns dabei, unser gemeinsames Ziel \u2013 einen schonenderen Umgang mit unserem Planeten \u2013 zu vermitteln und Filmemacher zu motivieren, ihr Engagement f\u00fcr dieses wichtige Thema fortzusetzen. Would you like to help strengthen the festival and its [&hellip;]<\/p>\n","protected":false},"author":1,"featured_media":0,"parent":4575,"menu_order":0,"comment_status":"closed","ping_status":"closed","template":"","meta":{"inline_featured_image":false,"footnotes":""},"class_list":["post-4619","page","type-page","status-publish","hentry","page_template-simple"],"yoast_head":"<!-- This site is optimized with the Yoast SEO plugin v27.4 - https:\/\/yoast.com\/product\/yoast-seo-wordpress\/ -->\n<title>Spende - INFF<\/title>\n<meta name=\"robots\" content=\"index, follow, max-snippet:-1, max-image-preview:large, max-video-preview:-1\" \/>\n<link rel=\"canonical\" href=\"https:\/\/www.inff.eu\/de\/get-active\/donate\/\" \/>\n<meta property=\"og:locale\" content=\"de_DE\" \/>\n<meta property=\"og:type\" content=\"article\" \/>\n<meta property=\"og:title\" content=\"Spende - INFF\" \/>\n<meta property=\"og:description\" content=\"Das inff ist eine gemeinn\u00fctzige Organisation, die auf die Unterst\u00fctzung \u00f6ffentlicher und privater Partner angewiesen ist. Jede Unterst\u00fctzung hilft uns dabei, unser gemeinsames Ziel \u2013 einen schonenderen Umgang mit unserem Planeten \u2013 zu vermitteln und Filmemacher zu motivieren, ihr Engagement f\u00fcr dieses wichtige Thema fortzusetzen. Would you like to help strengthen the festival and its [&hellip;]\" \/>\n<meta property=\"og:url\" content=\"https:\/\/www.inff.eu\/de\/get-active\/donate\/\" \/>\n<meta property=\"og:site_name\" content=\"INFF\" \/>\n<meta property=\"article:publisher\" content=\"http:\/\/www.facebook.com\/inff.eu\" \/>\n<meta property=\"article:modified_time\" content=\"2026-04-16T09:51:11+00:00\" \/>\n<meta property=\"og:image\" content=\"https:\/\/www.inff.eu\/wp-content\/uploads\/2025\/04\/taxes.jpg\" \/>\n\t<meta property=\"og:image:width\" content=\"2000\" \/>\n\t<meta property=\"og:image:height\" content=\"1500\" \/>\n\t<meta property=\"og:image:type\" content=\"image\/jpeg\" \/>\n<meta name=\"twitter:card\" content=\"summary_large_image\" \/>\n<script type=\"application\/ld+json\" class=\"yoast-schema-graph\">{\"@context\":\"https:\\\/\\\/schema.org\",\"@graph\":[{\"@type\":\"WebPage\",\"@id\":\"https:\\\/\\\/www.inff.eu\\\/de\\\/get-active\\\/donate\\\/\",\"url\":\"https:\\\/\\\/www.inff.eu\\\/de\\\/get-active\\\/donate\\\/\",\"name\":\"Spende - INFF\",\"isPartOf\":{\"@id\":\"https:\\\/\\\/www.inff.eu\\\/de\\\/#website\"},\"primaryImageOfPage\":{\"@id\":\"https:\\\/\\\/www.inff.eu\\\/de\\\/get-active\\\/donate\\\/#primaryimage\"},\"image\":{\"@id\":\"https:\\\/\\\/www.inff.eu\\\/de\\\/get-active\\\/donate\\\/#primaryimage\"},\"thumbnailUrl\":\"https:\\\/\\\/www.inff.eu\\\/wp-content\\\/uploads\\\/2025\\\/04\\\/taxes-768x576.jpg\",\"datePublished\":\"2024-08-06T14:20:36+00:00\",\"dateModified\":\"2026-04-16T09:51:11+00:00\",\"breadcrumb\":{\"@id\":\"https:\\\/\\\/www.inff.eu\\\/de\\\/get-active\\\/donate\\\/#breadcrumb\"},\"inLanguage\":\"de\",\"potentialAction\":[{\"@type\":\"ReadAction\",\"target\":[\"https:\\\/\\\/www.inff.eu\\\/de\\\/get-active\\\/donate\\\/\"]}]},{\"@type\":\"ImageObject\",\"inLanguage\":\"de\",\"@id\":\"https:\\\/\\\/www.inff.eu\\\/de\\\/get-active\\\/donate\\\/#primaryimage\",\"url\":\"https:\\\/\\\/www.inff.eu\\\/wp-content\\\/uploads\\\/2025\\\/04\\\/taxes-768x576.jpg\",\"contentUrl\":\"https:\\\/\\\/www.inff.eu\\\/wp-content\\\/uploads\\\/2025\\\/04\\\/taxes-768x576.jpg\"},{\"@type\":\"BreadcrumbList\",\"@id\":\"https:\\\/\\\/www.inff.eu\\\/de\\\/get-active\\\/donate\\\/#breadcrumb\",\"itemListElement\":[{\"@type\":\"ListItem\",\"position\":1,\"name\":\"Startseite\",\"item\":\"https:\\\/\\\/www.inff.eu\\\/de\\\/startseite\\\/\"},{\"@type\":\"ListItem\",\"position\":2,\"name\":\"Get Active\",\"item\":\"https:\\\/\\\/www.inff.eu\\\/de\\\/get-active\\\/\"},{\"@type\":\"ListItem\",\"position\":3,\"name\":\"Spende\"}]},{\"@type\":\"WebSite\",\"@id\":\"https:\\\/\\\/www.inff.eu\\\/de\\\/#website\",\"url\":\"https:\\\/\\\/www.inff.eu\\\/de\\\/\",\"name\":\"INFF\",\"description\":\"Innsbruck Nature Film Festival\",\"publisher\":{\"@id\":\"https:\\\/\\\/www.inff.eu\\\/de\\\/#organization\"},\"potentialAction\":[{\"@type\":\"SearchAction\",\"target\":{\"@type\":\"EntryPoint\",\"urlTemplate\":\"https:\\\/\\\/www.inff.eu\\\/de\\\/?s={search_term_string}\"},\"query-input\":{\"@type\":\"PropertyValueSpecification\",\"valueRequired\":true,\"valueName\":\"search_term_string\"}}],\"inLanguage\":\"de\"},{\"@type\":\"Organization\",\"@id\":\"https:\\\/\\\/www.inff.eu\\\/de\\\/#organization\",\"name\":\"Innbruck Nature Film Festival\",\"alternateName\":\"INFF\",\"url\":\"https:\\\/\\\/www.inff.eu\\\/de\\\/\",\"logo\":{\"@type\":\"ImageObject\",\"inLanguage\":\"de\",\"@id\":\"https:\\\/\\\/www.inff.eu\\\/de\\\/#\\\/schema\\\/logo\\\/image\\\/\",\"url\":\"https:\\\/\\\/www.inff.eu\\\/wp-content\\\/uploads\\\/2024\\\/08\\\/INFF_24_Logo_black_landscape_black.svg\",\"contentUrl\":\"https:\\\/\\\/www.inff.eu\\\/wp-content\\\/uploads\\\/2024\\\/08\\\/INFF_24_Logo_black_landscape_black.svg\",\"width\":341,\"height\":130,\"caption\":\"Innbruck Nature Film Festival\"},\"image\":{\"@id\":\"https:\\\/\\\/www.inff.eu\\\/de\\\/#\\\/schema\\\/logo\\\/image\\\/\"},\"sameAs\":[\"http:\\\/\\\/www.facebook.com\\\/inff.eu\",\"https:\\\/\\\/www.instagram.com\\\/innsbrucknaturefilmfestival\\\/\",\"https:\\\/\\\/www.youtube.com\\\/channel\\\/UCffnhMJo3VJ4aah54E6Qq3Q\\\/feed\"]}]}<\/script>\n<!-- \/ Yoast SEO plugin. -->","yoast_head_json":{"title":"Spende - INFF","robots":{"index":"index","follow":"follow","max-snippet":"max-snippet:-1","max-image-preview":"max-image-preview:large","max-video-preview":"max-video-preview:-1"},"canonical":"https:\/\/www.inff.eu\/de\/get-active\/donate\/","og_locale":"de_DE","og_type":"article","og_title":"Spende - INFF","og_description":"Das inff ist eine gemeinn\u00fctzige Organisation, die auf die Unterst\u00fctzung \u00f6ffentlicher und privater Partner angewiesen ist. Jede Unterst\u00fctzung hilft uns dabei, unser gemeinsames Ziel \u2013 einen schonenderen Umgang mit unserem Planeten \u2013 zu vermitteln und Filmemacher zu motivieren, ihr Engagement f\u00fcr dieses wichtige Thema fortzusetzen. Would you like to help strengthen the festival and its [&hellip;]","og_url":"https:\/\/www.inff.eu\/de\/get-active\/donate\/","og_site_name":"INFF","article_publisher":"http:\/\/www.facebook.com\/inff.eu","article_modified_time":"2026-04-16T09:51:11+00:00","og_image":[{"width":2000,"height":1500,"url":"https:\/\/www.inff.eu\/wp-content\/uploads\/2025\/04\/taxes.jpg","type":"image\/jpeg"}],"twitter_card":"summary_large_image","schema":{"@context":"https:\/\/schema.org","@graph":[{"@type":"WebPage","@id":"https:\/\/www.inff.eu\/de\/get-active\/donate\/","url":"https:\/\/www.inff.eu\/de\/get-active\/donate\/","name":"Spende - INFF","isPartOf":{"@id":"https:\/\/www.inff.eu\/de\/#website"},"primaryImageOfPage":{"@id":"https:\/\/www.inff.eu\/de\/get-active\/donate\/#primaryimage"},"image":{"@id":"https:\/\/www.inff.eu\/de\/get-active\/donate\/#primaryimage"},"thumbnailUrl":"https:\/\/www.inff.eu\/wp-content\/uploads\/2025\/04\/taxes-768x576.jpg","datePublished":"2024-08-06T14:20:36+00:00","dateModified":"2026-04-16T09:51:11+00:00","breadcrumb":{"@id":"https:\/\/www.inff.eu\/de\/get-active\/donate\/#breadcrumb"},"inLanguage":"de","potentialAction":[{"@type":"ReadAction","target":["https:\/\/www.inff.eu\/de\/get-active\/donate\/"]}]},{"@type":"ImageObject","inLanguage":"de","@id":"https:\/\/www.inff.eu\/de\/get-active\/donate\/#primaryimage","url":"https:\/\/www.inff.eu\/wp-content\/uploads\/2025\/04\/taxes-768x576.jpg","contentUrl":"https:\/\/www.inff.eu\/wp-content\/uploads\/2025\/04\/taxes-768x576.jpg"},{"@type":"BreadcrumbList","@id":"https:\/\/www.inff.eu\/de\/get-active\/donate\/#breadcrumb","itemListElement":[{"@type":"ListItem","position":1,"name":"Startseite","item":"https:\/\/www.inff.eu\/de\/startseite\/"},{"@type":"ListItem","position":2,"name":"Get Active","item":"https:\/\/www.inff.eu\/de\/get-active\/"},{"@type":"ListItem","position":3,"name":"Spende"}]},{"@type":"WebSite","@id":"https:\/\/www.inff.eu\/de\/#website","url":"https:\/\/www.inff.eu\/de\/","name":"INFF","description":"Innsbruck Nature Film Festival","publisher":{"@id":"https:\/\/www.inff.eu\/de\/#organization"},"potentialAction":[{"@type":"SearchAction","target":{"@type":"EntryPoint","urlTemplate":"https:\/\/www.inff.eu\/de\/?s={search_term_string}"},"query-input":{"@type":"PropertyValueSpecification","valueRequired":true,"valueName":"search_term_string"}}],"inLanguage":"de"},{"@type":"Organization","@id":"https:\/\/www.inff.eu\/de\/#organization","name":"Innbruck Nature Film Festival","alternateName":"INFF","url":"https:\/\/www.inff.eu\/de\/","logo":{"@type":"ImageObject","inLanguage":"de","@id":"https:\/\/www.inff.eu\/de\/#\/schema\/logo\/image\/","url":"https:\/\/www.inff.eu\/wp-content\/uploads\/2024\/08\/INFF_24_Logo_black_landscape_black.svg","contentUrl":"https:\/\/www.inff.eu\/wp-content\/uploads\/2024\/08\/INFF_24_Logo_black_landscape_black.svg","width":341,"height":130,"caption":"Innbruck Nature Film Festival"},"image":{"@id":"https:\/\/www.inff.eu\/de\/#\/schema\/logo\/image\/"},"sameAs":["http:\/\/www.facebook.com\/inff.eu","https:\/\/www.instagram.com\/innsbrucknaturefilmfestival\/","https:\/\/www.youtube.com\/channel\/UCffnhMJo3VJ4aah54E6Qq3Q\/feed"]}]}},"_links":{"self":[{"href":"https:\/\/www.inff.eu\/de\/wp-json\/wp\/v2\/pages\/4619","targetHints":{"allow":["GET"]}}],"collection":[{"href":"https:\/\/www.inff.eu\/de\/wp-json\/wp\/v2\/pages"}],"about":[{"href":"https:\/\/www.inff.eu\/de\/wp-json\/wp\/v2\/types\/page"}],"author":[{"embeddable":true,"href":"https:\/\/www.inff.eu\/de\/wp-json\/wp\/v2\/users\/1"}],"replies":[{"embeddable":true,"href":"https:\/\/www.inff.eu\/de\/wp-json\/wp\/v2\/comments?post=4619"}],"version-history":[{"count":20,"href":"https:\/\/www.inff.eu\/de\/wp-json\/wp\/v2\/pages\/4619\/revisions"}],"predecessor-version":[{"id":10296,"href":"https:\/\/www.inff.eu\/de\/wp-json\/wp\/v2\/pages\/4619\/revisions\/10296"}],"up":[{"embeddable":true,"href":"https:\/\/www.inff.eu\/de\/wp-json\/wp\/v2\/pages\/4575"}],"wp:attachment":[{"href":"https:\/\/www.inff.eu\/de\/wp-json\/wp\/v2\/media?parent=4619"}],"curies":[{"name":"wp","href":"https:\/\/api.w.org\/{rel}","templated":true}]}}