{"id":4600,"date":"2024-08-06T16:17:47","date_gmt":"2024-08-06T14:17:47","guid":{"rendered":"https:\/\/www.inff.eu\/year-round\/on-tour\/"},"modified":"2025-10-16T20:39:23","modified_gmt":"2025-10-16T18:39:23","slug":"on-tour","status":"publish","type":"page","link":"https:\/\/www.inff.eu\/de\/year-round\/on-tour\/","title":{"rendered":"On Tour"},"content":{"rendered":"\t\t<div data-elementor-type=\"wp-page\" data-elementor-id=\"4600\" class=\"elementor elementor-4600 elementor-62\" data-elementor-post-type=\"page\">\n\t\t\t\t<div class=\"elementor-element elementor-element-e668f20 e-flex e-con-boxed e-con e-parent\" data-id=\"e668f20\" data-element_type=\"container\" data-settings=\"{&quot;jet_parallax_layout_list&quot;:[]}\">\n\t\t\t\t\t<div class=\"e-con-inner\">\n\t\t\t\t<div class=\"elementor-element elementor-element-a72c129 elementor-widget elementor-widget-text-editor\" data-id=\"a72c129\" data-element_type=\"widget\" data-widget_type=\"text-editor.default\">\n\t\t\t\t<div class=\"elementor-widget-container\">\n\t\t\t\t\t\t\t\t\t<p>Inff on tour bringt einzigartige Mini-Filmfestivals in Gemeinden in ganz Tirol. Durch die Kraft und \u00c4sthetik des Kinos pr\u00e4sentiert das Festival preisgekr\u00f6nte Filme zu Natur und Nachhaltigkeit und l\u00e4sst das Publikum in mitrei\u00dfende Geschichten eintauchen. Jede Veranstaltung wird individuell an den Veranstaltungsort angepasst und bietet interaktive Diskussionen sowie gef\u00fchrte Erlebnisse.  <\/p><p>Filmemacher, Wissenschaftler und lokale Experten geben wertvolle Einblicke und verwandeln jede Vorf\u00fchrung in einen inspirierenden Raum \u2013 offen f\u00fcr alle, um zu lernen, sich auszutauschen und wieder zu verbinden.<\/p><p> <\/p>\t\t\t\t\t\t\t\t<\/div>\n\t\t\t\t<\/div>\n\t\t\t\t\t<\/div>\n\t\t\t\t<\/div>\n\t\t<div class=\"elementor-element elementor-element-4ac5e35 e-grid e-con-boxed e-con e-child\" data-id=\"4ac5e35\" data-element_type=\"container\" data-settings=\"{&quot;jet_parallax_layout_list&quot;:[]}\">\n\t\t\t\t\t<div class=\"e-con-inner\">\n\t\t\t\t<div class=\"elementor-element elementor-element-b3d71e0 elementor-widget elementor-widget-image\" data-id=\"b3d71e0\" data-element_type=\"widget\" data-widget_type=\"image.default\">\n\t\t\t\t<div class=\"elementor-widget-container\">\n\t\t\t\t\t\t\t\t\t\t\t\t\t\t\t\t<a href=\"https:\/\/www.lebensraum.tirol\/\" target=\"_blank\">\n\t\t\t\t\t\t\t<img fetchpriority=\"high\" decoding=\"async\" width=\"800\" height=\"184\" src=\"https:\/\/www.inff.eu\/wp-content\/uploads\/2024\/08\/tirol-lrt-gruppe.png\" class=\"attachment-large size-large wp-image-3926\" alt=\"\" srcset=\"https:\/\/www.inff.eu\/wp-content\/uploads\/2024\/08\/tirol-lrt-gruppe.png 801w, https:\/\/www.inff.eu\/wp-content\/uploads\/2024\/08\/tirol-lrt-gruppe-300x69.png 300w, https:\/\/www.inff.eu\/wp-content\/uploads\/2024\/08\/tirol-lrt-gruppe-768x176.png 768w\" sizes=\"(max-width: 800px) 100vw, 800px\" \/>\t\t\t\t\t\t\t\t<\/a>\n\t\t\t\t\t\t\t\t\t\t\t\t\t\t\t<\/div>\n\t\t\t\t<\/div>\n\t\t\t\t<div class=\"elementor-element elementor-element-7446a75 elementor-widget elementor-widget-image\" data-id=\"7446a75\" data-element_type=\"widget\" data-widget_type=\"image.default\">\n\t\t\t\t<div class=\"elementor-widget-container\">\n\t\t\t\t\t\t\t\t\t\t\t\t\t\t\t<img decoding=\"async\" width=\"768\" height=\"410\" src=\"https:\/\/www.inff.eu\/wp-content\/uploads\/2025\/10\/naturparklogo-768x410.jpg\" class=\"attachment-medium_large size-medium_large wp-image-9869\" alt=\"\" srcset=\"https:\/\/www.inff.eu\/wp-content\/uploads\/2025\/10\/naturparklogo-768x410.jpg 768w, https:\/\/www.inff.eu\/wp-content\/uploads\/2025\/10\/naturparklogo-300x160.jpg 300w, https:\/\/www.inff.eu\/wp-content\/uploads\/2025\/10\/naturparklogo-1024x546.jpg 1024w, https:\/\/www.inff.eu\/wp-content\/uploads\/2025\/10\/naturparklogo-1536x819.jpg 1536w, https:\/\/www.inff.eu\/wp-content\/uploads\/2025\/10\/naturparklogo-600x320.jpg 600w, https:\/\/www.inff.eu\/wp-content\/uploads\/2025\/10\/naturparklogo.jpg 1800w\" sizes=\"(max-width: 768px) 100vw, 768px\" \/>\t\t\t\t\t\t\t\t\t\t\t\t\t\t\t<\/div>\n\t\t\t\t<\/div>\n\t\t\t\t<div class=\"elementor-element elementor-element-b229978 elementor-widget elementor-widget-image\" data-id=\"b229978\" data-element_type=\"widget\" data-widget_type=\"image.default\">\n\t\t\t\t<div class=\"elementor-widget-container\">\n\t\t\t\t\t\t\t\t\t\t\t\t\t\t\t<img decoding=\"async\" width=\"768\" height=\"768\" src=\"https:\/\/www.inff.eu\/wp-content\/uploads\/2025\/10\/land-tirol-logo-4c-rz-768x768.jpg\" class=\"attachment-medium_large size-medium_large wp-image-9863\" alt=\"\" srcset=\"https:\/\/www.inff.eu\/wp-content\/uploads\/2025\/10\/land-tirol-logo-4c-rz-768x768.jpg 768w, https:\/\/www.inff.eu\/wp-content\/uploads\/2025\/10\/land-tirol-logo-4c-rz-300x300.jpg 300w, https:\/\/www.inff.eu\/wp-content\/uploads\/2025\/10\/land-tirol-logo-4c-rz-1024x1024.jpg 1024w, https:\/\/www.inff.eu\/wp-content\/uploads\/2025\/10\/land-tirol-logo-4c-rz-150x150.jpg 150w, https:\/\/www.inff.eu\/wp-content\/uploads\/2025\/10\/land-tirol-logo-4c-rz-600x600.jpg 600w, https:\/\/www.inff.eu\/wp-content\/uploads\/2025\/10\/land-tirol-logo-4c-rz-100x100.jpg 100w, https:\/\/www.inff.eu\/wp-content\/uploads\/2025\/10\/land-tirol-logo-4c-rz.jpg 1181w\" sizes=\"(max-width: 768px) 100vw, 768px\" \/>\t\t\t\t\t\t\t\t\t\t\t\t\t\t\t<\/div>\n\t\t\t\t<\/div>\n\t\t\t\t<div class=\"elementor-element elementor-element-3d02db5 elementor-widget elementor-widget-image\" data-id=\"3d02db5\" data-element_type=\"widget\" data-widget_type=\"image.default\">\n\t\t\t\t<div class=\"elementor-widget-container\">\n\t\t\t\t\t\t\t\t\t\t\t\t\t\t\t<img loading=\"lazy\" decoding=\"async\" width=\"768\" height=\"249\" src=\"https:\/\/www.inff.eu\/wp-content\/uploads\/2025\/10\/logo-kulturforum-breitenwang-768x249.jpg\" class=\"attachment-medium_large size-medium_large wp-image-9867\" alt=\"\" srcset=\"https:\/\/www.inff.eu\/wp-content\/uploads\/2025\/10\/logo-kulturforum-breitenwang-768x249.jpg 768w, https:\/\/www.inff.eu\/wp-content\/uploads\/2025\/10\/logo-kulturforum-breitenwang-300x97.jpg 300w, https:\/\/www.inff.eu\/wp-content\/uploads\/2025\/10\/logo-kulturforum-breitenwang-1024x332.jpg 1024w, https:\/\/www.inff.eu\/wp-content\/uploads\/2025\/10\/logo-kulturforum-breitenwang-600x195.jpg 600w, https:\/\/www.inff.eu\/wp-content\/uploads\/2025\/10\/logo-kulturforum-breitenwang.jpg 1193w\" sizes=\"(max-width: 768px) 100vw, 768px\" \/>\t\t\t\t\t\t\t\t\t\t\t\t\t\t\t<\/div>\n\t\t\t\t<\/div>\n\t\t\t\t<div class=\"elementor-element elementor-element-c84e068 elementor-widget elementor-widget-image\" data-id=\"c84e068\" data-element_type=\"widget\" data-widget_type=\"image.default\">\n\t\t\t\t<div class=\"elementor-widget-container\">\n\t\t\t\t\t\t\t\t\t\t\t\t\t\t\t<img loading=\"lazy\" decoding=\"async\" width=\"768\" height=\"157\" src=\"https:\/\/www.inff.eu\/wp-content\/uploads\/2025\/10\/logo-filmcircle-grun-768x157.jpg\" class=\"attachment-medium_large size-medium_large wp-image-9865\" alt=\"\" srcset=\"https:\/\/www.inff.eu\/wp-content\/uploads\/2025\/10\/logo-filmcircle-grun-768x157.jpg 768w, https:\/\/www.inff.eu\/wp-content\/uploads\/2025\/10\/logo-filmcircle-grun-300x61.jpg 300w, https:\/\/www.inff.eu\/wp-content\/uploads\/2025\/10\/logo-filmcircle-grun-1024x210.jpg 1024w, https:\/\/www.inff.eu\/wp-content\/uploads\/2025\/10\/logo-filmcircle-grun-1536x315.jpg 1536w, https:\/\/www.inff.eu\/wp-content\/uploads\/2025\/10\/logo-filmcircle-grun-2048x420.jpg 2048w, https:\/\/www.inff.eu\/wp-content\/uploads\/2025\/10\/logo-filmcircle-grun-600x123.jpg 600w\" sizes=\"(max-width: 768px) 100vw, 768px\" \/>\t\t\t\t\t\t\t\t\t\t\t\t\t\t\t<\/div>\n\t\t\t\t<\/div>\n\t\t\t\t<div class=\"elementor-element elementor-element-7453775 elementor-widget elementor-widget-image\" data-id=\"7453775\" data-element_type=\"widget\" data-widget_type=\"image.default\">\n\t\t\t\t<div class=\"elementor-widget-container\">\n\t\t\t\t\t\t\t\t\t\t\t\t\t\t\t<img loading=\"lazy\" decoding=\"async\" width=\"467\" height=\"768\" src=\"https:\/\/www.inff.eu\/wp-content\/uploads\/2025\/10\/wappen-breitenwang-2-467x768.jpg\" class=\"attachment-medium_large size-medium_large wp-image-9871\" alt=\"\" srcset=\"https:\/\/www.inff.eu\/wp-content\/uploads\/2025\/10\/wappen-breitenwang-2-467x768.jpg 467w, https:\/\/www.inff.eu\/wp-content\/uploads\/2025\/10\/wappen-breitenwang-2-182x300.jpg 182w, https:\/\/www.inff.eu\/wp-content\/uploads\/2025\/10\/wappen-breitenwang-2-623x1024.jpg 623w, https:\/\/www.inff.eu\/wp-content\/uploads\/2025\/10\/wappen-breitenwang-2-934x1536.jpg 934w, https:\/\/www.inff.eu\/wp-content\/uploads\/2025\/10\/wappen-breitenwang-2-600x986.jpg 600w, https:\/\/www.inff.eu\/wp-content\/uploads\/2025\/10\/wappen-breitenwang-2.jpg 1000w\" sizes=\"(max-width: 467px) 100vw, 467px\" \/>\t\t\t\t\t\t\t\t\t\t\t\t\t\t\t<\/div>\n\t\t\t\t<\/div>\n\t\t\t\t\t<\/div>\n\t\t\t\t<\/div>\n\t\t<div class=\"elementor-element elementor-element-3b69765 e-flex e-con-boxed e-con e-parent\" data-id=\"3b69765\" data-element_type=\"container\" data-settings=\"{&quot;jet_parallax_layout_list&quot;:[]}\">\n\t\t\t\t\t<div class=\"e-con-inner\">\n\t\t\t\t<div class=\"elementor-element elementor-element-0b294a6 elementor-position-left elementor-vertical-align-middle elementor-widget elementor-widget-image-box\" data-id=\"0b294a6\" data-element_type=\"widget\" data-widget_type=\"image-box.default\">\n\t\t\t\t<div class=\"elementor-widget-container\">\n\t\t\t\t\t<div class=\"elementor-image-box-wrapper\"><figure class=\"elementor-image-box-img\"><img loading=\"lazy\" decoding=\"async\" width=\"539\" height=\"768\" src=\"https:\/\/www.inff.eu\/wp-content\/uploads\/2024\/08\/429cc5f94f-poster-539x768.jpg\" class=\"attachment-medium_large size-medium_large wp-image-4146\" alt=\"\" srcset=\"https:\/\/www.inff.eu\/wp-content\/uploads\/2024\/08\/429cc5f94f-poster-539x768.jpg 539w, https:\/\/www.inff.eu\/wp-content\/uploads\/2024\/08\/429cc5f94f-poster-210x300.jpg 210w, https:\/\/www.inff.eu\/wp-content\/uploads\/2024\/08\/429cc5f94f-poster.jpg 561w\" sizes=\"(max-width: 539px) 100vw, 539px\" \/><\/figure><div class=\"elementor-image-box-content\"><h4 class=\"elementor-image-box-title\">on tour tiroler lech - 22. Oktober 2025<\/h4><p class=\"elementor-image-box-description\">20:00, Veranstaltungszentrum, Breitenwang\nFilmvorstellung: \"I am the River, the River is me\"\nNL 2024, 88 min, English, Maori + Deutsche UT<br>Mit anschlie\u00dfender Podiumsdiskussion mit Expert:innen zum Lech und der Frage nach \u201eRechten fu\u0308r \u00d6kosysteme?\u201c<br><br>FREIER EINTRITT<\/p><\/div><\/div>\t\t\t\t<\/div>\n\t\t\t\t<\/div>\n\t\t\t\t<div class=\"elementor-element elementor-element-7a0c634 elementor-widget-divider--view-line elementor-widget elementor-widget-divider\" data-id=\"7a0c634\" data-element_type=\"widget\" data-widget_type=\"divider.default\">\n\t\t\t\t<div class=\"elementor-widget-container\">\n\t\t\t\t\t\t\t<div class=\"elementor-divider\">\n\t\t\t<span class=\"elementor-divider-separator\">\n\t\t\t\t\t\t<\/span>\n\t\t<\/div>\n\t\t\t\t\t\t<\/div>\n\t\t\t\t<\/div>\n\t\t\t\t\t<\/div>\n\t\t\t\t<\/div>\n\t\t<div class=\"elementor-element elementor-element-5a6478b e-flex e-con-boxed e-con e-parent\" data-id=\"5a6478b\" data-element_type=\"container\" data-settings=\"{&quot;jet_parallax_layout_list&quot;:[]}\">\n\t\t\t\t\t<div class=\"e-con-inner\">\n\t\t\t\t<div class=\"elementor-element elementor-element-bf7c8cb elementor-position-left elementor-vertical-align-middle elementor-widget elementor-widget-image-box\" data-id=\"bf7c8cb\" data-element_type=\"widget\" data-widget_type=\"image-box.default\">\n\t\t\t\t<div class=\"elementor-widget-container\">\n\t\t\t\t\t<div class=\"elementor-image-box-wrapper\"><figure class=\"elementor-image-box-img\"><img loading=\"lazy\" decoding=\"async\" width=\"519\" height=\"768\" src=\"https:\/\/www.inff.eu\/wp-content\/uploads\/2025\/10\/ancient-caves-poster-519x768.jpeg\" class=\"attachment-medium_large size-medium_large wp-image-9861\" alt=\"\" srcset=\"https:\/\/www.inff.eu\/wp-content\/uploads\/2025\/10\/ancient-caves-poster-519x768.jpeg 519w, https:\/\/www.inff.eu\/wp-content\/uploads\/2025\/10\/ancient-caves-poster-203x300.jpeg 203w, https:\/\/www.inff.eu\/wp-content\/uploads\/2025\/10\/ancient-caves-poster-692x1024.jpeg 692w, https:\/\/www.inff.eu\/wp-content\/uploads\/2025\/10\/ancient-caves-poster-600x888.jpeg 600w, https:\/\/www.inff.eu\/wp-content\/uploads\/2025\/10\/ancient-caves-poster.jpeg 826w\" sizes=\"(max-width: 519px) 100vw, 519px\" \/><\/figure><div class=\"elementor-image-box-content\"><h4 class=\"elementor-image-box-title\">on tour innsbruck - 16. Oktober 2025<\/h4><p class=\"elementor-image-box-description\">19:00 \u2013 22:00 Collab am Hof<br>Filmvorstellung: \"Ancient Caves\"<br>Im Anschluss Q&amp;A mit H\u00f6hlenforscherin Gina Moseley<\/p><\/div><\/div>\t\t\t\t<\/div>\n\t\t\t\t<\/div>\n\t\t\t\t<div class=\"elementor-element elementor-element-bdf6b34 elementor-widget-divider--view-line elementor-widget elementor-widget-divider\" data-id=\"bdf6b34\" data-element_type=\"widget\" data-widget_type=\"divider.default\">\n\t\t\t\t<div class=\"elementor-widget-container\">\n\t\t\t\t\t\t\t<div class=\"elementor-divider\">\n\t\t\t<span class=\"elementor-divider-separator\">\n\t\t\t\t\t\t<\/span>\n\t\t<\/div>\n\t\t\t\t\t\t<\/div>\n\t\t\t\t<\/div>\n\t\t\t\t\t<\/div>\n\t\t\t\t<\/div>\n\t\t<div class=\"elementor-element elementor-element-823322c e-grid e-con-boxed e-con e-child\" data-id=\"823322c\" data-element_type=\"container\" data-settings=\"{&quot;jet_parallax_layout_list&quot;:[]}\">\n\t\t\t\t\t<div class=\"e-con-inner\">\n\t\t\t\t<div class=\"elementor-element elementor-element-6615899 elementor-widget elementor-widget-image\" data-id=\"6615899\" data-element_type=\"widget\" data-widget_type=\"image.default\">\n\t\t\t\t<div class=\"elementor-widget-container\">\n\t\t\t\t\t\t\t\t\t\t\t\t\t\t\t\t<a href=\"https:\/\/www.lebensraum.tirol\/\" target=\"_blank\">\n\t\t\t\t\t\t\t<img loading=\"lazy\" decoding=\"async\" width=\"320\" height=\"109\" src=\"https:\/\/www.inff.eu\/wp-content\/uploads\/2025\/07\/gde-serfaus.jpg\" class=\"attachment-large size-large wp-image-7498\" alt=\"\" srcset=\"https:\/\/www.inff.eu\/wp-content\/uploads\/2025\/07\/gde-serfaus.jpg 320w, https:\/\/www.inff.eu\/wp-content\/uploads\/2025\/07\/gde-serfaus-300x102.jpg 300w\" sizes=\"(max-width: 320px) 100vw, 320px\" \/>\t\t\t\t\t\t\t\t<\/a>\n\t\t\t\t\t\t\t\t\t\t\t\t\t\t\t<\/div>\n\t\t\t\t<\/div>\n\t\t\t\t<div class=\"elementor-element elementor-element-c375258 elementor-widget elementor-widget-image\" data-id=\"c375258\" data-element_type=\"widget\" data-widget_type=\"image.default\">\n\t\t\t\t<div class=\"elementor-widget-container\">\n\t\t\t\t\t\t\t\t\t\t\t\t\t\t\t<img loading=\"lazy\" decoding=\"async\" width=\"320\" height=\"114\" src=\"https:\/\/www.inff.eu\/wp-content\/uploads\/2025\/07\/klar-logo.jpeg\" class=\"attachment-medium_large size-medium_large wp-image-7500\" alt=\"\" srcset=\"https:\/\/www.inff.eu\/wp-content\/uploads\/2025\/07\/klar-logo.jpeg 320w, https:\/\/www.inff.eu\/wp-content\/uploads\/2025\/07\/klar-logo-300x107.jpeg 300w\" sizes=\"(max-width: 320px) 100vw, 320px\" \/>\t\t\t\t\t\t\t\t\t\t\t\t\t\t\t<\/div>\n\t\t\t\t<\/div>\n\t\t\t\t\t<\/div>\n\t\t\t\t<\/div>\n\t\t<div class=\"elementor-element elementor-element-d1579f4 e-flex e-con-boxed e-con e-parent\" data-id=\"d1579f4\" data-element_type=\"container\" data-settings=\"{&quot;jet_parallax_layout_list&quot;:[]}\">\n\t\t\t\t\t<div class=\"e-con-inner\">\n\t\t\t\t<div class=\"elementor-element elementor-element-230581f elementor-position-left elementor-vertical-align-middle elementor-widget elementor-widget-image-box\" data-id=\"230581f\" data-element_type=\"widget\" data-widget_type=\"image-box.default\">\n\t\t\t\t<div class=\"elementor-widget-container\">\n\t\t\t\t\t<div class=\"elementor-image-box-wrapper\"><figure class=\"elementor-image-box-img\"><img loading=\"lazy\" decoding=\"async\" width=\"240\" height=\"300\" src=\"https:\/\/www.inff.eu\/wp-content\/uploads\/2025\/07\/social-media-on-tour-serfaus-variante-2.jpeg\" class=\"attachment-medium_large size-medium_large wp-image-7496\" alt=\"\" \/><\/figure><div class=\"elementor-image-box-content\"><h4 class=\"elementor-image-box-title\">on tour Serfaus - 11th july 2025<\/h4><p class=\"elementor-image-box-description\">19:00 Kulturzentrum Serfaus\nYouth Unstoppable - Der Aufstieg der Globalen Jugend-Klimabewegung by\nSlater Jewell-Kemker\nCA 2020, \n88 min, OmeUT\nFreier Eintritt!<\/p><\/div><\/div>\t\t\t\t<\/div>\n\t\t\t\t<\/div>\n\t\t\t\t<div class=\"elementor-element elementor-element-5700299 elementor-widget-divider--view-line elementor-widget elementor-widget-divider\" data-id=\"5700299\" data-element_type=\"widget\" data-widget_type=\"divider.default\">\n\t\t\t\t<div class=\"elementor-widget-container\">\n\t\t\t\t\t\t\t<div class=\"elementor-divider\">\n\t\t\t<span class=\"elementor-divider-separator\">\n\t\t\t\t\t\t<\/span>\n\t\t<\/div>\n\t\t\t\t\t\t<\/div>\n\t\t\t\t<\/div>\n\t\t\t\t\t<\/div>\n\t\t\t\t<\/div>\n\t\t<div class=\"elementor-element elementor-element-8e24059 e-grid e-con-boxed e-con e-child\" data-id=\"8e24059\" data-element_type=\"container\" data-settings=\"{&quot;jet_parallax_layout_list&quot;:[]}\">\n\t\t\t\t\t<div class=\"e-con-inner\">\n\t\t\t\t<div class=\"elementor-element elementor-element-27a8c85 elementor-widget elementor-widget-image\" data-id=\"27a8c85\" data-element_type=\"widget\" data-widget_type=\"image.default\">\n\t\t\t\t<div class=\"elementor-widget-container\">\n\t\t\t\t\t\t\t\t\t\t\t\t\t\t\t\t<a href=\"https:\/\/www.lebensraum.tirol\/\" target=\"_blank\">\n\t\t\t\t\t\t\t<img loading=\"lazy\" decoding=\"async\" width=\"800\" height=\"450\" src=\"https:\/\/www.inff.eu\/wp-content\/uploads\/2024\/10\/inff-lrth-slide-1024x576.jpg\" class=\"attachment-large size-large wp-image-6091\" alt=\"\" srcset=\"https:\/\/www.inff.eu\/wp-content\/uploads\/2024\/10\/inff-lrth-slide-1024x576.jpg 1024w, https:\/\/www.inff.eu\/wp-content\/uploads\/2024\/10\/inff-lrth-slide-300x169.jpg 300w, https:\/\/www.inff.eu\/wp-content\/uploads\/2024\/10\/inff-lrth-slide-768x432.jpg 768w, https:\/\/www.inff.eu\/wp-content\/uploads\/2024\/10\/inff-lrth-slide-600x338.jpg 600w, https:\/\/www.inff.eu\/wp-content\/uploads\/2024\/10\/inff-lrth-slide.jpg 1280w\" sizes=\"(max-width: 800px) 100vw, 800px\" \/>\t\t\t\t\t\t\t\t<\/a>\n\t\t\t\t\t\t\t\t\t\t\t\t\t\t\t<\/div>\n\t\t\t\t<\/div>\n\t\t\t\t<div class=\"elementor-element elementor-element-7e8ea67 elementor-widget elementor-widget-image\" data-id=\"7e8ea67\" data-element_type=\"widget\" data-widget_type=\"image.default\">\n\t\t\t\t<div class=\"elementor-widget-container\">\n\t\t\t\t\t\t\t\t\t\t\t\t\t\t\t<img loading=\"lazy\" decoding=\"async\" width=\"596\" height=\"191\" src=\"https:\/\/www.inff.eu\/wp-content\/uploads\/2025\/04\/klar-logo-wappen-2022-rz-neu.png\" class=\"attachment-medium_large size-medium_large wp-image-6707\" alt=\"\" srcset=\"https:\/\/www.inff.eu\/wp-content\/uploads\/2025\/04\/klar-logo-wappen-2022-rz-neu.png 596w, https:\/\/www.inff.eu\/wp-content\/uploads\/2025\/04\/klar-logo-wappen-2022-rz-neu-300x96.png 300w\" sizes=\"(max-width: 596px) 100vw, 596px\" \/>\t\t\t\t\t\t\t\t\t\t\t\t\t\t\t<\/div>\n\t\t\t\t<\/div>\n\t\t\t\t\t<\/div>\n\t\t\t\t<\/div>\n\t\t<div class=\"elementor-element elementor-element-36d505a e-flex e-con-boxed e-con e-parent\" data-id=\"36d505a\" data-element_type=\"container\" data-settings=\"{&quot;jet_parallax_layout_list&quot;:[]}\">\n\t\t\t\t\t<div class=\"e-con-inner\">\n\t\t\t\t<div class=\"elementor-element elementor-element-585aa11 elementor-position-left elementor-vertical-align-middle elementor-widget elementor-widget-image-box\" data-id=\"585aa11\" data-element_type=\"widget\" data-widget_type=\"image-box.default\">\n\t\t\t\t<div class=\"elementor-widget-container\">\n\t\t\t\t\t<div class=\"elementor-image-box-wrapper\"><figure class=\"elementor-image-box-img\"><img loading=\"lazy\" decoding=\"async\" width=\"416\" height=\"588\" src=\"https:\/\/www.inff.eu\/wp-content\/uploads\/2025\/05\/der-wilde-wald-plakat-web-416x588-1.jpeg\" class=\"attachment-medium_large size-medium_large wp-image-7342\" alt=\"\" srcset=\"https:\/\/www.inff.eu\/wp-content\/uploads\/2025\/05\/der-wilde-wald-plakat-web-416x588-1.jpeg 416w, https:\/\/www.inff.eu\/wp-content\/uploads\/2025\/05\/der-wilde-wald-plakat-web-416x588-1-212x300.jpeg 212w\" sizes=\"(max-width: 416px) 100vw, 416px\" \/><\/figure><div class=\"elementor-image-box-content\"><h4 class=\"elementor-image-box-title\">on tour wilder kaiser - 23. Mai 2025<\/h4><p class=\"elementor-image-box-description\">15:00 Waldf\u00fchrung f\u00fcr Erwachsene &amp; Walderlebnisnachmittag f\u00fcr Kinder<br><br><p>19:00 - 21:15 Film: \"Der Wilde Wald\" von Lisa Eder\nD, 2021, 90', Deutsch\n<br>Mit anschlie\u00dfender Podiumsdiskussion zum Thema Totholz, Klimafitter Bergwald (und Bezug auf den Hagelschaden 2024)<br>mit: Roman Schrott, Clemens Geitner Universit\u00e4t Innsbruck, Geographie, Markus Wallner, Bezirksforstinspektion Kufstein<\/p>\n<\/p><\/div><\/div>\t\t\t\t<\/div>\n\t\t\t\t<\/div>\n\t\t\t\t<div class=\"elementor-element elementor-element-085c5c5 elementor-widget-divider--view-line elementor-widget elementor-widget-divider\" data-id=\"085c5c5\" data-element_type=\"widget\" data-widget_type=\"divider.default\">\n\t\t\t\t<div class=\"elementor-widget-container\">\n\t\t\t\t\t\t\t<div class=\"elementor-divider\">\n\t\t\t<span class=\"elementor-divider-separator\">\n\t\t\t\t\t\t<\/span>\n\t\t<\/div>\n\t\t\t\t\t\t<\/div>\n\t\t\t\t<\/div>\n\t\t\t\t\t<\/div>\n\t\t\t\t<\/div>\n\t\t<div class=\"elementor-element elementor-element-3b24d18 e-grid e-con-boxed e-con e-child\" data-id=\"3b24d18\" data-element_type=\"container\" data-settings=\"{&quot;jet_parallax_layout_list&quot;:[]}\">\n\t\t\t\t\t<div class=\"e-con-inner\">\n\t\t\t\t<div class=\"elementor-element elementor-element-3656a8c elementor-widget elementor-widget-image\" data-id=\"3656a8c\" data-element_type=\"widget\" data-widget_type=\"image.default\">\n\t\t\t\t<div class=\"elementor-widget-container\">\n\t\t\t\t\t\t\t\t\t\t\t\t\t\t\t\t<a href=\"https:\/\/www.lebensraum.tirol\/\" target=\"_blank\">\n\t\t\t\t\t\t\t<img loading=\"lazy\" decoding=\"async\" width=\"800\" height=\"450\" src=\"https:\/\/www.inff.eu\/wp-content\/uploads\/2024\/10\/inff-lrth-slide-1024x576.jpg\" class=\"attachment-large size-large wp-image-6091\" alt=\"\" srcset=\"https:\/\/www.inff.eu\/wp-content\/uploads\/2024\/10\/inff-lrth-slide-1024x576.jpg 1024w, https:\/\/www.inff.eu\/wp-content\/uploads\/2024\/10\/inff-lrth-slide-300x169.jpg 300w, https:\/\/www.inff.eu\/wp-content\/uploads\/2024\/10\/inff-lrth-slide-768x432.jpg 768w, https:\/\/www.inff.eu\/wp-content\/uploads\/2024\/10\/inff-lrth-slide-600x338.jpg 600w, https:\/\/www.inff.eu\/wp-content\/uploads\/2024\/10\/inff-lrth-slide.jpg 1280w\" sizes=\"(max-width: 800px) 100vw, 800px\" \/>\t\t\t\t\t\t\t\t<\/a>\n\t\t\t\t\t\t\t\t\t\t\t\t\t\t\t<\/div>\n\t\t\t\t<\/div>\n\t\t\t\t<div class=\"elementor-element elementor-element-9d314bb elementor-widget elementor-widget-image\" data-id=\"9d314bb\" data-element_type=\"widget\" data-widget_type=\"image.default\">\n\t\t\t\t<div class=\"elementor-widget-container\">\n\t\t\t\t\t\t\t\t\t\t\t\t\t\t\t<img loading=\"lazy\" decoding=\"async\" width=\"768\" height=\"249\" src=\"https:\/\/www.inff.eu\/wp-content\/uploads\/2025\/05\/pow-768x249.png\" class=\"attachment-medium_large size-medium_large wp-image-7340\" alt=\"\" srcset=\"https:\/\/www.inff.eu\/wp-content\/uploads\/2025\/05\/pow-768x249.png 768w, https:\/\/www.inff.eu\/wp-content\/uploads\/2025\/05\/pow-300x97.png 300w, https:\/\/www.inff.eu\/wp-content\/uploads\/2025\/05\/pow-1024x332.png 1024w, https:\/\/www.inff.eu\/wp-content\/uploads\/2025\/05\/pow-1536x498.png 1536w, https:\/\/www.inff.eu\/wp-content\/uploads\/2025\/05\/pow-600x195.png 600w, https:\/\/www.inff.eu\/wp-content\/uploads\/2025\/05\/pow.png 1890w\" sizes=\"(max-width: 768px) 100vw, 768px\" \/>\t\t\t\t\t\t\t\t\t\t\t\t\t\t\t<\/div>\n\t\t\t\t<\/div>\n\t\t\t\t\t<\/div>\n\t\t\t\t<\/div>\n\t\t<div class=\"elementor-element elementor-element-cd7cdc7 e-flex e-con-boxed e-con e-parent\" data-id=\"cd7cdc7\" data-element_type=\"container\" data-settings=\"{&quot;jet_parallax_layout_list&quot;:[]}\">\n\t\t\t\t\t<div class=\"e-con-inner\">\n\t\t\t\t<div class=\"elementor-element elementor-element-a727b15 elementor-position-left elementor-vertical-align-middle elementor-widget elementor-widget-image-box\" data-id=\"a727b15\" data-element_type=\"widget\" data-widget_type=\"image-box.default\">\n\t\t\t\t<div class=\"elementor-widget-container\">\n\t\t\t\t\t<div class=\"elementor-image-box-wrapper\"><figure class=\"elementor-image-box-img\"><img loading=\"lazy\" decoding=\"async\" width=\"512\" height=\"768\" src=\"https:\/\/www.inff.eu\/wp-content\/uploads\/2025\/05\/poster-e8c6929927-poster-512x768.jpg\" class=\"attachment-medium_large size-medium_large wp-image-7338\" alt=\"\" srcset=\"https:\/\/www.inff.eu\/wp-content\/uploads\/2025\/05\/poster-e8c6929927-poster-512x768.jpg 512w, https:\/\/www.inff.eu\/wp-content\/uploads\/2025\/05\/poster-e8c6929927-poster-200x300.jpg 200w, https:\/\/www.inff.eu\/wp-content\/uploads\/2025\/05\/poster-e8c6929927-poster.jpg 533w\" sizes=\"(max-width: 512px) 100vw, 512px\" \/><\/figure><div class=\"elementor-image-box-content\"><h4 class=\"elementor-image-box-title\">on tour BRG\/BORG Landeck - 21. &amp; 22. Mai 2025<\/h4><p class=\"elementor-image-box-description\"><p>Mittwoch, 21. Mai 2025: Unterstufe<br>Beginn: 8:25, Dauer 4 Schulstunden\n<\/p>\n<p>Mittwoch, 21. Mai 2025: Oberstufe\nBeginn: 8:25, Dauer 4 Schulstunden<\/p>\n\n\n<\/p><\/div><\/div>\t\t\t\t<\/div>\n\t\t\t\t<\/div>\n\t\t\t\t<div class=\"elementor-element elementor-element-d07ebaf elementor-widget-divider--view-line elementor-widget elementor-widget-divider\" data-id=\"d07ebaf\" data-element_type=\"widget\" data-widget_type=\"divider.default\">\n\t\t\t\t<div class=\"elementor-widget-container\">\n\t\t\t\t\t\t\t<div class=\"elementor-divider\">\n\t\t\t<span class=\"elementor-divider-separator\">\n\t\t\t\t\t\t<\/span>\n\t\t<\/div>\n\t\t\t\t\t\t<\/div>\n\t\t\t\t<\/div>\n\t\t\t\t\t<\/div>\n\t\t\t\t<\/div>\n\t\t<div class=\"elementor-element elementor-element-4336e29 e-grid e-con-boxed e-con e-child\" data-id=\"4336e29\" data-element_type=\"container\" data-settings=\"{&quot;jet_parallax_layout_list&quot;:[]}\">\n\t\t\t\t\t<div class=\"e-con-inner\">\n\t\t\t\t<div class=\"elementor-element elementor-element-2b7a1c7 elementor-widget elementor-widget-image\" data-id=\"2b7a1c7\" data-element_type=\"widget\" data-widget_type=\"image.default\">\n\t\t\t\t<div class=\"elementor-widget-container\">\n\t\t\t\t\t\t\t\t\t\t\t\t\t\t\t\t<a href=\"https:\/\/www.lebensraum.tirol\/\" target=\"_blank\">\n\t\t\t\t\t\t\t<img loading=\"lazy\" decoding=\"async\" width=\"800\" height=\"450\" src=\"https:\/\/www.inff.eu\/wp-content\/uploads\/2024\/10\/inff-lrth-slide-1024x576.jpg\" class=\"attachment-large size-large wp-image-6091\" alt=\"\" srcset=\"https:\/\/www.inff.eu\/wp-content\/uploads\/2024\/10\/inff-lrth-slide-1024x576.jpg 1024w, https:\/\/www.inff.eu\/wp-content\/uploads\/2024\/10\/inff-lrth-slide-300x169.jpg 300w, https:\/\/www.inff.eu\/wp-content\/uploads\/2024\/10\/inff-lrth-slide-768x432.jpg 768w, https:\/\/www.inff.eu\/wp-content\/uploads\/2024\/10\/inff-lrth-slide-600x338.jpg 600w, https:\/\/www.inff.eu\/wp-content\/uploads\/2024\/10\/inff-lrth-slide.jpg 1280w\" sizes=\"(max-width: 800px) 100vw, 800px\" \/>\t\t\t\t\t\t\t\t<\/a>\n\t\t\t\t\t\t\t\t\t\t\t\t\t\t\t<\/div>\n\t\t\t\t<\/div>\n\t\t\t\t\t<\/div>\n\t\t\t\t<\/div>\n\t\t<div class=\"elementor-element elementor-element-333b931 e-flex e-con-boxed e-con e-parent\" data-id=\"333b931\" data-element_type=\"container\" data-settings=\"{&quot;jet_parallax_layout_list&quot;:[]}\">\n\t\t\t\t\t<div class=\"e-con-inner\">\n\t\t\t\t<div class=\"elementor-element elementor-element-92a3c24 elementor-position-left elementor-vertical-align-middle elementor-widget elementor-widget-image-box\" data-id=\"92a3c24\" data-element_type=\"widget\" data-widget_type=\"image-box.default\">\n\t\t\t\t<div class=\"elementor-widget-container\">\n\t\t\t\t\t<div class=\"elementor-image-box-wrapper\"><figure class=\"elementor-image-box-img\"><img loading=\"lazy\" decoding=\"async\" width=\"768\" height=\"576\" src=\"https:\/\/www.inff.eu\/wp-content\/uploads\/2025\/02\/on-tour-karwendel-event-768x576.jpg\" class=\"attachment-medium_large size-medium_large wp-image-6343\" alt=\"\" \/><\/figure><div class=\"elementor-image-box-content\"><h4 class=\"elementor-image-box-title\">on tour karwendel - 17. J\u00e4nner 2025<\/h4><p class=\"elementor-image-box-description\">Cinepoint Kino Seefeld<br>in Kooperation mit Naturpark Karwendel<\/p><\/div><\/div>\t\t\t\t<\/div>\n\t\t\t\t<\/div>\n\t\t\t\t\t<\/div>\n\t\t\t\t<\/div>\n\t\t<div class=\"elementor-element elementor-element-d7c2d0e e-flex e-con-boxed e-con e-parent\" data-id=\"d7c2d0e\" data-element_type=\"container\" data-settings=\"{&quot;jet_parallax_layout_list&quot;:[]}\">\n\t\t\t\t\t<div class=\"e-con-inner\">\n\t\t\t\t<div class=\"elementor-element elementor-element-cc2fe42 elementor-widget-divider--view-line elementor-widget elementor-widget-divider\" data-id=\"cc2fe42\" data-element_type=\"widget\" data-widget_type=\"divider.default\">\n\t\t\t\t<div class=\"elementor-widget-container\">\n\t\t\t\t\t\t\t<div class=\"elementor-divider\">\n\t\t\t<span class=\"elementor-divider-separator\">\n\t\t\t\t\t\t<\/span>\n\t\t<\/div>\n\t\t\t\t\t\t<\/div>\n\t\t\t\t<\/div>\n\t\t\t\t\t<\/div>\n\t\t\t\t<\/div>\n\t\t<div class=\"elementor-element elementor-element-ed2053e e-grid e-con-boxed e-con e-child\" data-id=\"ed2053e\" data-element_type=\"container\" data-settings=\"{&quot;jet_parallax_layout_list&quot;:[]}\">\n\t\t\t\t\t<div class=\"e-con-inner\">\n\t\t\t\t<div class=\"elementor-element elementor-element-664af6e elementor-widget elementor-widget-image\" data-id=\"664af6e\" data-element_type=\"widget\" data-widget_type=\"image.default\">\n\t\t\t\t<div class=\"elementor-widget-container\">\n\t\t\t\t\t\t\t\t\t\t\t\t\t\t\t\t<a href=\"https:\/\/www.lebensraum.tirol\/\" target=\"_blank\">\n\t\t\t\t\t\t\t<img loading=\"lazy\" decoding=\"async\" width=\"800\" height=\"450\" src=\"https:\/\/www.inff.eu\/wp-content\/uploads\/2024\/10\/inff-lrth-slide-1024x576.jpg\" class=\"attachment-large size-large wp-image-6091\" alt=\"\" srcset=\"https:\/\/www.inff.eu\/wp-content\/uploads\/2024\/10\/inff-lrth-slide-1024x576.jpg 1024w, https:\/\/www.inff.eu\/wp-content\/uploads\/2024\/10\/inff-lrth-slide-300x169.jpg 300w, https:\/\/www.inff.eu\/wp-content\/uploads\/2024\/10\/inff-lrth-slide-768x432.jpg 768w, https:\/\/www.inff.eu\/wp-content\/uploads\/2024\/10\/inff-lrth-slide-600x338.jpg 600w, https:\/\/www.inff.eu\/wp-content\/uploads\/2024\/10\/inff-lrth-slide.jpg 1280w\" sizes=\"(max-width: 800px) 100vw, 800px\" \/>\t\t\t\t\t\t\t\t<\/a>\n\t\t\t\t\t\t\t\t\t\t\t\t\t\t\t<\/div>\n\t\t\t\t<\/div>\n\t\t\t\t\t<\/div>\n\t\t\t\t<\/div>\n\t\t<div class=\"elementor-element elementor-element-85198a2 e-flex e-con-boxed e-con e-parent\" data-id=\"85198a2\" data-element_type=\"container\" data-settings=\"{&quot;jet_parallax_layout_list&quot;:[]}\">\n\t\t\t\t\t<div class=\"e-con-inner\">\n\t\t\t\t<div class=\"elementor-element elementor-element-36138fe elementor-position-left elementor-vertical-align-middle elementor-widget elementor-widget-image-box\" data-id=\"36138fe\" data-element_type=\"widget\" data-widget_type=\"image-box.default\">\n\t\t\t\t<div class=\"elementor-widget-container\">\n\t\t\t\t\t<div class=\"elementor-image-box-wrapper\"><figure class=\"elementor-image-box-img\"><img loading=\"lazy\" decoding=\"async\" width=\"768\" height=\"576\" src=\"https:\/\/www.inff.eu\/wp-content\/uploads\/2025\/02\/whatsapp-image-2024-12-19-at-1154184-768x576.jpeg\" class=\"attachment-medium_large size-medium_large wp-image-6349\" alt=\"\" \/><\/figure><div class=\"elementor-image-box-content\"><h4 class=\"elementor-image-box-title\">on tour lienz - 17. Dezember 2024<\/h4><p class=\"elementor-image-box-description\">BRG Lienz<\/p><\/div><\/div>\t\t\t\t<\/div>\n\t\t\t\t<\/div>\n\t\t\t\t\t<\/div>\n\t\t\t\t<\/div>\n\t\t<div class=\"elementor-element elementor-element-60814ff e-flex e-con-boxed e-con e-parent\" data-id=\"60814ff\" data-element_type=\"container\" data-settings=\"{&quot;jet_parallax_layout_list&quot;:[]}\">\n\t\t\t\t\t<div class=\"e-con-inner\">\n\t\t\t\t<div class=\"elementor-element elementor-element-ab094d3 elementor-widget-divider--view-line elementor-widget elementor-widget-divider\" data-id=\"ab094d3\" data-element_type=\"widget\" data-widget_type=\"divider.default\">\n\t\t\t\t<div class=\"elementor-widget-container\">\n\t\t\t\t\t\t\t<div class=\"elementor-divider\">\n\t\t\t<span class=\"elementor-divider-separator\">\n\t\t\t\t\t\t<\/span>\n\t\t<\/div>\n\t\t\t\t\t\t<\/div>\n\t\t\t\t<\/div>\n\t\t\t\t\t<\/div>\n\t\t\t\t<\/div>\n\t\t<div class=\"elementor-element elementor-element-3dd1b3c e-grid e-con-boxed e-con e-child\" data-id=\"3dd1b3c\" data-element_type=\"container\" data-settings=\"{&quot;jet_parallax_layout_list&quot;:[]}\">\n\t\t\t\t\t<div class=\"e-con-inner\">\n\t\t\t\t<div class=\"elementor-element elementor-element-d865a16 elementor-widget elementor-widget-image\" data-id=\"d865a16\" data-element_type=\"widget\" data-widget_type=\"image.default\">\n\t\t\t\t<div class=\"elementor-widget-container\">\n\t\t\t\t\t\t\t\t\t\t\t\t\t\t\t\t<a href=\"https:\/\/www.lebensraum.tirol\/\" target=\"_blank\">\n\t\t\t\t\t\t\t<img loading=\"lazy\" decoding=\"async\" width=\"800\" height=\"450\" src=\"https:\/\/www.inff.eu\/wp-content\/uploads\/2024\/10\/inff-lrth-slide-1024x576.jpg\" class=\"attachment-large size-large wp-image-6091\" alt=\"\" srcset=\"https:\/\/www.inff.eu\/wp-content\/uploads\/2024\/10\/inff-lrth-slide-1024x576.jpg 1024w, https:\/\/www.inff.eu\/wp-content\/uploads\/2024\/10\/inff-lrth-slide-300x169.jpg 300w, https:\/\/www.inff.eu\/wp-content\/uploads\/2024\/10\/inff-lrth-slide-768x432.jpg 768w, https:\/\/www.inff.eu\/wp-content\/uploads\/2024\/10\/inff-lrth-slide-600x338.jpg 600w, https:\/\/www.inff.eu\/wp-content\/uploads\/2024\/10\/inff-lrth-slide.jpg 1280w\" sizes=\"(max-width: 800px) 100vw, 800px\" \/>\t\t\t\t\t\t\t\t<\/a>\n\t\t\t\t\t\t\t\t\t\t\t\t\t\t\t<\/div>\n\t\t\t\t<\/div>\n\t\t\t\t<div class=\"elementor-element elementor-element-d2336bf elementor-widget elementor-widget-image\" data-id=\"d2336bf\" data-element_type=\"widget\" data-widget_type=\"image.default\">\n\t\t\t\t<div class=\"elementor-widget-container\">\n\t\t\t\t\t\t\t\t\t\t\t\t\t\t\t\t<a href=\"https:\/\/klar-anpassungsregionen.at\/regionen\/klar-arlberg-stanzertal\" target=\"_blank\">\n\t\t\t\t\t\t\t<img loading=\"lazy\" decoding=\"async\" width=\"800\" height=\"170\" src=\"https:\/\/www.inff.eu\/wp-content\/uploads\/2024\/10\/klar2-1024x217.jpg\" class=\"attachment-large size-large wp-image-6172\" alt=\"\" srcset=\"https:\/\/www.inff.eu\/wp-content\/uploads\/2024\/10\/klar2-1024x217.jpg 1024w, https:\/\/www.inff.eu\/wp-content\/uploads\/2024\/10\/klar2-300x64.jpg 300w, https:\/\/www.inff.eu\/wp-content\/uploads\/2024\/10\/klar2-768x163.jpg 768w, https:\/\/www.inff.eu\/wp-content\/uploads\/2024\/10\/klar2-600x127.jpg 600w, https:\/\/www.inff.eu\/wp-content\/uploads\/2024\/10\/klar2.jpg 1280w\" sizes=\"(max-width: 800px) 100vw, 800px\" \/>\t\t\t\t\t\t\t\t<\/a>\n\t\t\t\t\t\t\t\t\t\t\t\t\t\t\t<\/div>\n\t\t\t\t<\/div>\n\t\t\t\t\t<\/div>\n\t\t\t\t<\/div>\n\t\t<div class=\"elementor-element elementor-element-67a127f e-flex e-con-boxed e-con e-parent\" data-id=\"67a127f\" data-element_type=\"container\" data-settings=\"{&quot;jet_parallax_layout_list&quot;:[]}\">\n\t\t\t\t\t<div class=\"e-con-inner\">\n\t\t\t\t<div class=\"elementor-element elementor-element-b284a1c elementor-position-left elementor-vertical-align-middle elementor-widget elementor-widget-image-box\" data-id=\"b284a1c\" data-element_type=\"widget\" data-widget_type=\"image-box.default\">\n\t\t\t\t<div class=\"elementor-widget-container\">\n\t\t\t\t\t<div class=\"elementor-image-box-wrapper\"><figure class=\"elementor-image-box-img\"><img loading=\"lazy\" decoding=\"async\" width=\"768\" height=\"576\" src=\"https:\/\/www.inff.eu\/wp-content\/uploads\/2025\/02\/f6489740-f4ea-4c10-880e-65b521c2a6b7-768x576.jpg\" class=\"attachment-medium_large size-medium_large wp-image-6351\" alt=\"\" \/><\/figure><div class=\"elementor-image-box-content\"><h4 class=\"elementor-image-box-title\">on tour pettneu - 17. &amp; 18. Oktober 2024<\/h4><p class=\"elementor-image-box-description\"><strong>\"Bergwald im (Klima-) Wandel\"<\/strong>\n<br><p>17.10.24 \n\nFilm f\u00fcr Sch\u00fcler*innen der Mittelschule\n<br>Waldf\u00fcrhung f\u00fcr Volkssch\u00fcler*innen in der Umgebung<br><br>Mittelschule - \u2018Klimareise\u2019 mit Hermann Sonntag und natopia<br><br>Film f\u00fcr Volkssch\u00fcler*innen<\/p>\n\n<p>18.10.2024\nNachmittag: Waldf\u00fchrung f\u00fcr Erwachsene<br><br>19:00: Film \"Der Wilde Wald \", von Lisa Eder &amp; Kurzfilm \"Traces\" <br>im Anschluss: Diskussion mit Experten<\/p><\/p><\/div><\/div>\t\t\t\t<\/div>\n\t\t\t\t<\/div>\n\t\t\t\t<div class=\"elementor-element elementor-element-d7fbad1 elementor-widget-divider--view-line elementor-widget elementor-widget-divider\" data-id=\"d7fbad1\" data-element_type=\"widget\" data-widget_type=\"divider.default\">\n\t\t\t\t<div class=\"elementor-widget-container\">\n\t\t\t\t\t\t\t<div class=\"elementor-divider\">\n\t\t\t<span class=\"elementor-divider-separator\">\n\t\t\t\t\t\t<\/span>\n\t\t<\/div>\n\t\t\t\t\t\t<\/div>\n\t\t\t\t<\/div>\n\t\t\t\t\t<\/div>\n\t\t\t\t<\/div>\n\t\t<div class=\"elementor-element elementor-element-331560b e-flex e-con-boxed e-con e-parent\" data-id=\"331560b\" data-element_type=\"container\" data-settings=\"{&quot;jet_parallax_layout_list&quot;:[]}\">\n\t\t\t\t\t<div class=\"e-con-inner\">\n\t\t\t\t<div class=\"elementor-element elementor-element-de4b0f9 elementor-position-left elementor-vertical-align-middle elementor-widget elementor-widget-image-box\" data-id=\"de4b0f9\" data-element_type=\"widget\" data-widget_type=\"image-box.default\">\n\t\t\t\t<div class=\"elementor-widget-container\">\n\t\t\t\t\t<div class=\"elementor-image-box-wrapper\"><figure class=\"elementor-image-box-img\"><img loading=\"lazy\" decoding=\"async\" width=\"768\" height=\"432\" src=\"https:\/\/www.inff.eu\/wp-content\/uploads\/2025\/03\/on-tour-oetztal-768x432.jpg\" class=\"attachment-medium_large size-medium_large wp-image-6471\" alt=\"\" \/><\/figure><div class=\"elementor-image-box-content\"><h4 class=\"elementor-image-box-title\">on tour \u00f6tztal<\/h4><p class=\"elementor-image-box-description\"><p><strong>Kinomontag im Naturparkhaus<\/strong><\/p>\n\nL\u00e4ngenfeld ist eine Kooperation zwischen dem Naturpark und dem innsbruck nature film festival. Jeweils am ersten Tag der Woche werden Filme gezeigt, die in den Bergen spielen und von der Sch\u00f6nheit, aber auch von der Arbeit und den Bedrohungen der Alpen erz\u00e4hlen. <\/p><\/div><\/div>\t\t\t\t<\/div>\n\t\t\t\t<\/div>\n\t\t\t\t<div class=\"elementor-element elementor-element-8a034ef elementor-widget-divider--view-line elementor-widget elementor-widget-divider\" data-id=\"8a034ef\" data-element_type=\"widget\" data-widget_type=\"divider.default\">\n\t\t\t\t<div class=\"elementor-widget-container\">\n\t\t\t\t\t\t\t<div class=\"elementor-divider\">\n\t\t\t<span class=\"elementor-divider-separator\">\n\t\t\t\t\t\t<\/span>\n\t\t<\/div>\n\t\t\t\t\t\t<\/div>\n\t\t\t\t<\/div>\n\t\t\t\t\t<\/div>\n\t\t\t\t<\/div>\n\t\t<div class=\"elementor-element elementor-element-1bc5165 e-flex e-con-boxed e-con e-parent\" data-id=\"1bc5165\" data-element_type=\"container\" data-settings=\"{&quot;jet_parallax_layout_list&quot;:[]}\">\n\t\t\t\t\t<div class=\"e-con-inner\">\n\t\t\t\t<div class=\"elementor-element elementor-element-3aeb6ee elementor-position-left elementor-vertical-align-middle elementor-widget elementor-widget-image-box\" data-id=\"3aeb6ee\" data-element_type=\"widget\" data-widget_type=\"image-box.default\">\n\t\t\t\t<div class=\"elementor-widget-container\">\n\t\t\t\t\t<div class=\"elementor-image-box-wrapper\"><figure class=\"elementor-image-box-img\"><img loading=\"lazy\" decoding=\"async\" width=\"768\" height=\"461\" src=\"https:\/\/www.inff.eu\/wp-content\/uploads\/2025\/02\/img-9543f8680c88-1-768x461.jpeg\" class=\"attachment-medium_large size-medium_large wp-image-6353\" alt=\"\" \/><\/figure><div class=\"elementor-image-box-content\"><h4 class=\"elementor-image-box-title\">on tour hall in tirol - bio bergbauernfest 2024<\/h4><p class=\"elementor-image-box-description\">innsbruck nature film festival bietet im Vorfeld der 23. Auflage am Bio-Bergbauernfest in Hall in Tirol Informationen und Kurzfilme! Filmgenuss neben Bio-Produkten. <\/p><\/div><\/div>\t\t\t\t<\/div>\n\t\t\t\t<\/div>\n\t\t\t\t<div class=\"elementor-element elementor-element-8becb63 elementor-widget-divider--view-line elementor-widget elementor-widget-divider\" data-id=\"8becb63\" data-element_type=\"widget\" data-widget_type=\"divider.default\">\n\t\t\t\t<div class=\"elementor-widget-container\">\n\t\t\t\t\t\t\t<div class=\"elementor-divider\">\n\t\t\t<span class=\"elementor-divider-separator\">\n\t\t\t\t\t\t<\/span>\n\t\t<\/div>\n\t\t\t\t\t\t<\/div>\n\t\t\t\t<\/div>\n\t\t\t\t\t<\/div>\n\t\t\t\t<\/div>\n\t\t\t\t<\/div>\n\t\t","protected":false},"excerpt":{"rendered":"<p>Inff on tour bringt einzigartige Mini-Filmfestivals in Gemeinden in ganz Tirol. Durch die Kraft und \u00c4sthetik des Kinos pr\u00e4sentiert das Festival preisgekr\u00f6nte Filme zu Natur und Nachhaltigkeit und l\u00e4sst das Publikum in mitrei\u00dfende Geschichten eintauchen. Jede Veranstaltung wird individuell an den Veranstaltungsort angepasst und bietet interaktive Diskussionen sowie gef\u00fchrte Erlebnisse. Filmemacher, Wissenschaftler und lokale Experten [&hellip;]<\/p>\n","protected":false},"author":1,"featured_media":6381,"parent":4578,"menu_order":0,"comment_status":"closed","ping_status":"closed","template":"","meta":{"inline_featured_image":false,"footnotes":""},"class_list":["post-4600","page","type-page","status-publish","has-post-thumbnail","hentry","page_template-wide-photo"],"yoast_head":"<!-- This site is optimized with the Yoast SEO plugin v27.4 - https:\/\/yoast.com\/product\/yoast-seo-wordpress\/ -->\n<title>On Tour - INFF<\/title>\n<meta name=\"robots\" content=\"index, follow, max-snippet:-1, max-image-preview:large, max-video-preview:-1\" \/>\n<link rel=\"canonical\" href=\"https:\/\/www.inff.eu\/de\/year-round\/on-tour\/\" \/>\n<meta property=\"og:locale\" content=\"de_DE\" \/>\n<meta property=\"og:type\" content=\"article\" \/>\n<meta property=\"og:title\" content=\"On Tour - INFF\" \/>\n<meta property=\"og:description\" content=\"Inff on tour bringt einzigartige Mini-Filmfestivals in Gemeinden in ganz Tirol. Durch die Kraft und \u00c4sthetik des Kinos pr\u00e4sentiert das Festival preisgekr\u00f6nte Filme zu Natur und Nachhaltigkeit und l\u00e4sst das Publikum in mitrei\u00dfende Geschichten eintauchen. Jede Veranstaltung wird individuell an den Veranstaltungsort angepasst und bietet interaktive Diskussionen sowie gef\u00fchrte Erlebnisse. Filmemacher, Wissenschaftler und lokale Experten [&hellip;]\" \/>\n<meta property=\"og:url\" content=\"https:\/\/www.inff.eu\/de\/year-round\/on-tour\/\" \/>\n<meta property=\"og:site_name\" content=\"INFF\" \/>\n<meta property=\"article:publisher\" content=\"http:\/\/www.facebook.com\/inff.eu\" \/>\n<meta property=\"article:modified_time\" content=\"2025-10-16T18:39:23+00:00\" \/>\n<meta property=\"og:image\" content=\"https:\/\/www.inff.eu\/wp-content\/uploads\/2025\/02\/ontour-pettneu-l.jpg\" \/>\n\t<meta property=\"og:image:width\" content=\"2560\" \/>\n\t<meta property=\"og:image:height\" content=\"1054\" \/>\n\t<meta property=\"og:image:type\" content=\"image\/jpeg\" \/>\n<meta name=\"twitter:card\" content=\"summary_large_image\" \/>\n<meta name=\"twitter:label1\" content=\"Gesch\u00e4tzte Lesezeit\" \/>\n\t<meta name=\"twitter:data1\" content=\"2\u00a0Minuten\" \/>\n<script type=\"application\/ld+json\" class=\"yoast-schema-graph\">{\"@context\":\"https:\\\/\\\/schema.org\",\"@graph\":[{\"@type\":\"WebPage\",\"@id\":\"https:\\\/\\\/www.inff.eu\\\/de\\\/year-round\\\/on-tour\\\/\",\"url\":\"https:\\\/\\\/www.inff.eu\\\/de\\\/year-round\\\/on-tour\\\/\",\"name\":\"On Tour - INFF\",\"isPartOf\":{\"@id\":\"https:\\\/\\\/www.inff.eu\\\/de\\\/#website\"},\"primaryImageOfPage\":{\"@id\":\"https:\\\/\\\/www.inff.eu\\\/de\\\/year-round\\\/on-tour\\\/#primaryimage\"},\"image\":{\"@id\":\"https:\\\/\\\/www.inff.eu\\\/de\\\/year-round\\\/on-tour\\\/#primaryimage\"},\"thumbnailUrl\":\"https:\\\/\\\/www.inff.eu\\\/wp-content\\\/uploads\\\/2025\\\/02\\\/ontour-pettneu-l.jpg\",\"datePublished\":\"2024-08-06T14:17:47+00:00\",\"dateModified\":\"2025-10-16T18:39:23+00:00\",\"breadcrumb\":{\"@id\":\"https:\\\/\\\/www.inff.eu\\\/de\\\/year-round\\\/on-tour\\\/#breadcrumb\"},\"inLanguage\":\"de\",\"potentialAction\":[{\"@type\":\"ReadAction\",\"target\":[\"https:\\\/\\\/www.inff.eu\\\/de\\\/year-round\\\/on-tour\\\/\"]}]},{\"@type\":\"ImageObject\",\"inLanguage\":\"de\",\"@id\":\"https:\\\/\\\/www.inff.eu\\\/de\\\/year-round\\\/on-tour\\\/#primaryimage\",\"url\":\"https:\\\/\\\/www.inff.eu\\\/wp-content\\\/uploads\\\/2025\\\/02\\\/ontour-pettneu-l.jpg\",\"contentUrl\":\"https:\\\/\\\/www.inff.eu\\\/wp-content\\\/uploads\\\/2025\\\/02\\\/ontour-pettneu-l.jpg\",\"width\":2560,\"height\":1054},{\"@type\":\"BreadcrumbList\",\"@id\":\"https:\\\/\\\/www.inff.eu\\\/de\\\/year-round\\\/on-tour\\\/#breadcrumb\",\"itemListElement\":[{\"@type\":\"ListItem\",\"position\":1,\"name\":\"Startseite\",\"item\":\"https:\\\/\\\/www.inff.eu\\\/de\\\/startseite\\\/\"},{\"@type\":\"ListItem\",\"position\":2,\"name\":\"Year-round\",\"item\":\"https:\\\/\\\/www.inff.eu\\\/de\\\/year-round\\\/\"},{\"@type\":\"ListItem\",\"position\":3,\"name\":\"On Tour\"}]},{\"@type\":\"WebSite\",\"@id\":\"https:\\\/\\\/www.inff.eu\\\/de\\\/#website\",\"url\":\"https:\\\/\\\/www.inff.eu\\\/de\\\/\",\"name\":\"INFF\",\"description\":\"Innsbruck Nature Film Festival\",\"publisher\":{\"@id\":\"https:\\\/\\\/www.inff.eu\\\/de\\\/#organization\"},\"potentialAction\":[{\"@type\":\"SearchAction\",\"target\":{\"@type\":\"EntryPoint\",\"urlTemplate\":\"https:\\\/\\\/www.inff.eu\\\/de\\\/?s={search_term_string}\"},\"query-input\":{\"@type\":\"PropertyValueSpecification\",\"valueRequired\":true,\"valueName\":\"search_term_string\"}}],\"inLanguage\":\"de\"},{\"@type\":\"Organization\",\"@id\":\"https:\\\/\\\/www.inff.eu\\\/de\\\/#organization\",\"name\":\"Innbruck Nature Film Festival\",\"alternateName\":\"INFF\",\"url\":\"https:\\\/\\\/www.inff.eu\\\/de\\\/\",\"logo\":{\"@type\":\"ImageObject\",\"inLanguage\":\"de\",\"@id\":\"https:\\\/\\\/www.inff.eu\\\/de\\\/#\\\/schema\\\/logo\\\/image\\\/\",\"url\":\"https:\\\/\\\/www.inff.eu\\\/wp-content\\\/uploads\\\/2024\\\/08\\\/INFF_24_Logo_black_landscape_black.svg\",\"contentUrl\":\"https:\\\/\\\/www.inff.eu\\\/wp-content\\\/uploads\\\/2024\\\/08\\\/INFF_24_Logo_black_landscape_black.svg\",\"width\":341,\"height\":130,\"caption\":\"Innbruck Nature Film Festival\"},\"image\":{\"@id\":\"https:\\\/\\\/www.inff.eu\\\/de\\\/#\\\/schema\\\/logo\\\/image\\\/\"},\"sameAs\":[\"http:\\\/\\\/www.facebook.com\\\/inff.eu\",\"https:\\\/\\\/www.instagram.com\\\/innsbrucknaturefilmfestival\\\/\",\"https:\\\/\\\/www.youtube.com\\\/channel\\\/UCffnhMJo3VJ4aah54E6Qq3Q\\\/feed\"]}]}<\/script>\n<!-- \/ Yoast SEO plugin. -->","yoast_head_json":{"title":"On Tour - INFF","robots":{"index":"index","follow":"follow","max-snippet":"max-snippet:-1","max-image-preview":"max-image-preview:large","max-video-preview":"max-video-preview:-1"},"canonical":"https:\/\/www.inff.eu\/de\/year-round\/on-tour\/","og_locale":"de_DE","og_type":"article","og_title":"On Tour - INFF","og_description":"Inff on tour bringt einzigartige Mini-Filmfestivals in Gemeinden in ganz Tirol. Durch die Kraft und \u00c4sthetik des Kinos pr\u00e4sentiert das Festival preisgekr\u00f6nte Filme zu Natur und Nachhaltigkeit und l\u00e4sst das Publikum in mitrei\u00dfende Geschichten eintauchen. Jede Veranstaltung wird individuell an den Veranstaltungsort angepasst und bietet interaktive Diskussionen sowie gef\u00fchrte Erlebnisse. Filmemacher, Wissenschaftler und lokale Experten [&hellip;]","og_url":"https:\/\/www.inff.eu\/de\/year-round\/on-tour\/","og_site_name":"INFF","article_publisher":"http:\/\/www.facebook.com\/inff.eu","article_modified_time":"2025-10-16T18:39:23+00:00","og_image":[{"width":2560,"height":1054,"url":"https:\/\/www.inff.eu\/wp-content\/uploads\/2025\/02\/ontour-pettneu-l.jpg","type":"image\/jpeg"}],"twitter_card":"summary_large_image","twitter_misc":{"Gesch\u00e4tzte Lesezeit":"2\u00a0Minuten"},"schema":{"@context":"https:\/\/schema.org","@graph":[{"@type":"WebPage","@id":"https:\/\/www.inff.eu\/de\/year-round\/on-tour\/","url":"https:\/\/www.inff.eu\/de\/year-round\/on-tour\/","name":"On Tour - INFF","isPartOf":{"@id":"https:\/\/www.inff.eu\/de\/#website"},"primaryImageOfPage":{"@id":"https:\/\/www.inff.eu\/de\/year-round\/on-tour\/#primaryimage"},"image":{"@id":"https:\/\/www.inff.eu\/de\/year-round\/on-tour\/#primaryimage"},"thumbnailUrl":"https:\/\/www.inff.eu\/wp-content\/uploads\/2025\/02\/ontour-pettneu-l.jpg","datePublished":"2024-08-06T14:17:47+00:00","dateModified":"2025-10-16T18:39:23+00:00","breadcrumb":{"@id":"https:\/\/www.inff.eu\/de\/year-round\/on-tour\/#breadcrumb"},"inLanguage":"de","potentialAction":[{"@type":"ReadAction","target":["https:\/\/www.inff.eu\/de\/year-round\/on-tour\/"]}]},{"@type":"ImageObject","inLanguage":"de","@id":"https:\/\/www.inff.eu\/de\/year-round\/on-tour\/#primaryimage","url":"https:\/\/www.inff.eu\/wp-content\/uploads\/2025\/02\/ontour-pettneu-l.jpg","contentUrl":"https:\/\/www.inff.eu\/wp-content\/uploads\/2025\/02\/ontour-pettneu-l.jpg","width":2560,"height":1054},{"@type":"BreadcrumbList","@id":"https:\/\/www.inff.eu\/de\/year-round\/on-tour\/#breadcrumb","itemListElement":[{"@type":"ListItem","position":1,"name":"Startseite","item":"https:\/\/www.inff.eu\/de\/startseite\/"},{"@type":"ListItem","position":2,"name":"Year-round","item":"https:\/\/www.inff.eu\/de\/year-round\/"},{"@type":"ListItem","position":3,"name":"On Tour"}]},{"@type":"WebSite","@id":"https:\/\/www.inff.eu\/de\/#website","url":"https:\/\/www.inff.eu\/de\/","name":"INFF","description":"Innsbruck Nature Film Festival","publisher":{"@id":"https:\/\/www.inff.eu\/de\/#organization"},"potentialAction":[{"@type":"SearchAction","target":{"@type":"EntryPoint","urlTemplate":"https:\/\/www.inff.eu\/de\/?s={search_term_string}"},"query-input":{"@type":"PropertyValueSpecification","valueRequired":true,"valueName":"search_term_string"}}],"inLanguage":"de"},{"@type":"Organization","@id":"https:\/\/www.inff.eu\/de\/#organization","name":"Innbruck Nature Film Festival","alternateName":"INFF","url":"https:\/\/www.inff.eu\/de\/","logo":{"@type":"ImageObject","inLanguage":"de","@id":"https:\/\/www.inff.eu\/de\/#\/schema\/logo\/image\/","url":"https:\/\/www.inff.eu\/wp-content\/uploads\/2024\/08\/INFF_24_Logo_black_landscape_black.svg","contentUrl":"https:\/\/www.inff.eu\/wp-content\/uploads\/2024\/08\/INFF_24_Logo_black_landscape_black.svg","width":341,"height":130,"caption":"Innbruck Nature Film Festival"},"image":{"@id":"https:\/\/www.inff.eu\/de\/#\/schema\/logo\/image\/"},"sameAs":["http:\/\/www.facebook.com\/inff.eu","https:\/\/www.instagram.com\/innsbrucknaturefilmfestival\/","https:\/\/www.youtube.com\/channel\/UCffnhMJo3VJ4aah54E6Qq3Q\/feed"]}]}},"_links":{"self":[{"href":"https:\/\/www.inff.eu\/de\/wp-json\/wp\/v2\/pages\/4600","targetHints":{"allow":["GET"]}}],"collection":[{"href":"https:\/\/www.inff.eu\/de\/wp-json\/wp\/v2\/pages"}],"about":[{"href":"https:\/\/www.inff.eu\/de\/wp-json\/wp\/v2\/types\/page"}],"author":[{"embeddable":true,"href":"https:\/\/www.inff.eu\/de\/wp-json\/wp\/v2\/users\/1"}],"replies":[{"embeddable":true,"href":"https:\/\/www.inff.eu\/de\/wp-json\/wp\/v2\/comments?post=4600"}],"version-history":[{"count":19,"href":"https:\/\/www.inff.eu\/de\/wp-json\/wp\/v2\/pages\/4600\/revisions"}],"predecessor-version":[{"id":9875,"href":"https:\/\/www.inff.eu\/de\/wp-json\/wp\/v2\/pages\/4600\/revisions\/9875"}],"up":[{"embeddable":true,"href":"https:\/\/www.inff.eu\/de\/wp-json\/wp\/v2\/pages\/4578"}],"wp:featuredmedia":[{"embeddable":true,"href":"https:\/\/www.inff.eu\/de\/wp-json\/wp\/v2\/media\/6381"}],"wp:attachment":[{"href":"https:\/\/www.inff.eu\/de\/wp-json\/wp\/v2\/media?parent=4600"}],"curies":[{"name":"wp","href":"https:\/\/api.w.org\/{rel}","templated":true}]}}